{"id":1750,"date":"2015-09-08T15:08:06","date_gmt":"2015-09-08T15:08:06","guid":{"rendered":"http:\/\/www.diariwin.cat\/temporada4\/?page_id=1750"},"modified":"2020-04-13T21:55:09","modified_gmt":"2020-04-13T21:55:09","slug":"noticies","status":"publish","type":"page","link":"http:\/\/www.diariwin.cat\/temporada4\/noticies\/","title":{"rendered":"Not\u00edcies"},"content":{"rendered":"<div class='grid-row clearfix'><div class='grid-col grid-col-12'><section class='cws-widget'><section class='cws_widget_content'>\n<div class=\"recent_projects \"><h3 class=\"section-title\">Not\u00edcies<\/h3><div class=\"projects_carousel blog clearfix\" data-carousel-column=\"2\"><div class=\"iso-item\"><div class=\"post-item\"><div class=\"post-meta\">\n\t\t\t\t\t<div class=\"post-date\">\n\t\t\t\t\t\t<span class=\"day\"> 1<\/span>\n\t\t\t\t\t\t<span class=\"month\">des..2022<\/span>\n\t\t\t\t\t<\/div><\/div><div class=\"post-entry\"><div class=\"content-wrapper alignleft\">\n\t\t\t\t\t<figure>\n\t\t\t\t\t\t<a data-rel=\"prettyPhoto[lt_posts]\" class=\"prettyPhoto kids_picture\" title=\"Nova pista de gel per Nadal al Tibidabo\" href=\"http:\/\/www.diariwin.cat\/temporada4\/wp-content\/uploads\/2022\/12\/pista-gel-tibidabo.jpg\"><img class=\"pic\" src='http:\/\/www.diariwin.cat\/temporada4\/wp-content\/uploads\/bfi_thumb\/pista-gel-tibidabo-3gxb7rsvt0a0chuqdmy6mi.jpg' data-at2x='http:\/\/www.diariwin.cat\/temporada4\/wp-content\/uploads\/bfi_thumb\/pista-gel-tibidabo-3gxb7rsvt0a0chuqdmy6mi@2x.jpg' alt=\"\" \/><\/a>\n\t\t\t\t\t<\/figure>\n\t\t\t\t<\/div><div class=\"entry\">\n\t\t\t\t\t\t\t\t<div class=\"post-title\">\n\t\t\t\t\t\t\t\t\t<a href=\"http:\/\/www.diariwin.cat\/temporada4\/2022\/12\/01\/nova-pista-de-gel-per-nadal-al-tibidabo\/\">Nova pista de gel per Nadal al Tibidabo<\/a>\n\t\t\t\t\t\t\t\t<\/div>El Parc d\u2019atraccions Tibidabo celebra Nadal amb una pista de gel oberta a tota la ciutadania. La pista s&#8217;ha instal\u00b7lat a la Pla\u00e7a dels Somnis i estar\u00e0 operativa del 26 de novembre al 5 de gener, ...<\/div>\n\t\t\t\t\t\t\t<\/div>\n\t\t\t\t<div class=\"post-footer\">\n\t\t\t\t\t<span class=\"l-float-right\"><a href=\"http:\/\/www.diariwin.cat\/temporada4\/2022\/12\/01\/nova-pista-de-gel-per-nadal-al-tibidabo\/\" class=\"more-link cws_button\">\n\t\t\t\t\tRead More<\/a><\/span><div class=\"post_cats\">\n\t\t\t\t\t\t<p><span>Category:<\/span><a class=\"link\" href=\"http:\/\/www.diariwin.cat\/temporada4\/category\/image\/\" title=\"View all posts in\">Image<\/a>, <a class=\"link\" href=\"http:\/\/www.diariwin.cat\/temporada4\/category\/mon\/\" title=\"View all posts in\">M\u00f3n<\/a><\/p>\n\t\t\t\t\t<\/div><div class=\"kids_clear\"><\/div><\/div><\/div><\/div><div class=\"iso-item\"><div class=\"post-item\"><div class=\"post-meta\">\n\t\t\t\t\t<div class=\"post-date\">\n\t\t\t\t\t\t<span class=\"day\"> 1<\/span>\n\t\t\t\t\t\t<span class=\"month\">des..2022<\/span>\n\t\t\t\t\t<\/div><\/div><div class=\"post-entry\"><div class=\"content-wrapper alignleft\">\n\t\t\t\t\t<figure>\n\t\t\t\t\t\t<a data-rel=\"prettyPhoto[lt_posts]\" class=\"prettyPhoto kids_picture\" title=\"Viu les &#8216;Vacances en fam\u00edlia&#8217; de la Generalitat\" href=\"http:\/\/www.diariwin.cat\/temporada4\/wp-content\/uploads\/2022\/12\/vacances-familia2023.png\"><img class=\"pic\" src='http:\/\/www.diariwin.cat\/temporada4\/wp-content\/uploads\/bfi_thumb\/vacances-familia2023-3gxb9i4h64nesk35faneoa.png' data-at2x='http:\/\/www.diariwin.cat\/temporada4\/wp-content\/uploads\/bfi_thumb\/vacances-familia2023-3gxb9i4h64nesk35faneoa@2x.png' alt=\"\" \/><\/a>\n\t\t\t\t\t<\/figure>\n\t\t\t\t<\/div><div class=\"entry\">\n\t\t\t\t\t\t\t\t<div class=\"post-title\">\n\t\t\t\t\t\t\t\t\t<a href=\"http:\/\/www.diariwin.cat\/temporada4\/2022\/12\/01\/viu-les-vacances-en-familia-de-la-generalitat\/\">Viu les &#8216;Vacances en fam\u00edlia&#8217; de la Generalitat<\/a>\n\t\t\t\t\t\t\t\t<\/div>L\u2019Ag\u00e8ncia Catalana de la Joventut (ACJ) ha obert aquesta setmana les preinscripcions del programa social \u2018Vacances en fam\u00edlia\u2019, que pel pr\u00f2xim any 2023 ofereix fins a 54.807 places corresponents a 10. ...<\/div>\n\t\t\t\t\t\t\t<\/div>\n\t\t\t\t<div class=\"post-footer\">\n\t\t\t\t\t<span class=\"l-float-right\"><a href=\"http:\/\/www.diariwin.cat\/temporada4\/2022\/12\/01\/viu-les-vacances-en-familia-de-la-generalitat\/\" class=\"more-link cws_button\">\n\t\t\t\t\tRead More<\/a><\/span><div class=\"post_cats\">\n\t\t\t\t\t\t<p><span>Category:<\/span><a class=\"link\" href=\"http:\/\/www.diariwin.cat\/temporada4\/category\/image\/\" title=\"View all posts in\">Image<\/a>, <a class=\"link\" href=\"http:\/\/www.diariwin.cat\/temporada4\/category\/mon\/\" title=\"View all posts in\">M\u00f3n<\/a><\/p>\n\t\t\t\t\t<\/div><div class=\"kids_clear\"><\/div><\/div><\/div><\/div><div class=\"iso-item\"><div class=\"post-item\"><div class=\"post-meta\">\n\t\t\t\t\t<div class=\"post-date\">\n\t\t\t\t\t\t<span class=\"day\"> 9<\/span>\n\t\t\t\t\t\t<span class=\"month\">maig.2022<\/span>\n\t\t\t\t\t<\/div><\/div><div class=\"post-entry\"><div class=\"content-wrapper alignleft\">\n\t\t\t\t\t<figure>\n\t\t\t\t\t\t<a data-rel=\"prettyPhoto[lt_posts]\" class=\"prettyPhoto kids_picture\" title=\"El Zoo estrena nou espai sobre els dragons de Komodo\" href=\"http:\/\/www.diariwin.cat\/temporada4\/wp-content\/uploads\/2022\/05\/dragons-komodo-zoobarcelona-scaled.jpg\"><img class=\"pic\" src='http:\/\/www.diariwin.cat\/temporada4\/wp-content\/uploads\/bfi_thumb\/dragons-komodo-zoobarcelona-scaled-3fl86u1kki95dl795fnf9m.jpg' data-at2x='http:\/\/www.diariwin.cat\/temporada4\/wp-content\/uploads\/bfi_thumb\/dragons-komodo-zoobarcelona-scaled-3fl86u1kki95dl795fnf9m@2x.jpg' alt=\"\" \/><\/a>\n\t\t\t\t\t<\/figure>\n\t\t\t\t<\/div><div class=\"entry\">\n\t\t\t\t\t\t\t\t<div class=\"post-title\">\n\t\t\t\t\t\t\t\t\t<a href=\"http:\/\/www.diariwin.cat\/temporada4\/2022\/05\/09\/el-zoo-de-barcelona-estrena-el-centre-de-descoberta-sobre-els-dragons-de-komodo-%ef%bf%bc\/\">El Zoo estrena nou espai sobre els dragons de Komodo<\/a>\n\t\t\t\t\t\t\t\t<\/div>El Zoo de Barcelona inaugura el nou Centre de Descoberta Terra de Dragons. L&#8217;objectiu de l&#8217;espai \u00e9s oferir als visitants una experi\u00e8ncia immersiva que els permeti descobrir de primera m\u00e0 l ...<\/div>\n\t\t\t\t\t\t\t<\/div>\n\t\t\t\t<div class=\"post-footer\">\n\t\t\t\t\t<span class=\"l-float-right\"><a href=\"http:\/\/www.diariwin.cat\/temporada4\/2022\/05\/09\/el-zoo-de-barcelona-estrena-el-centre-de-descoberta-sobre-els-dragons-de-komodo-%ef%bf%bc\/\" class=\"more-link cws_button\">\n\t\t\t\t\tRead More<\/a><\/span><div class=\"post_cats\">\n\t\t\t\t\t\t<p><span>Category:<\/span><a class=\"link\" href=\"http:\/\/www.diariwin.cat\/temporada4\/category\/animals\/\" title=\"View all posts in\">Animals<\/a>, <a class=\"link\" href=\"http:\/\/www.diariwin.cat\/temporada4\/category\/image\/\" title=\"View all posts in\">Image<\/a><\/p>\n\t\t\t\t\t<\/div><div class=\"kids_clear\"><\/div><\/div><\/div><\/div><div class=\"iso-item\"><div class=\"post-item\"><div class=\"post-meta\">\n\t\t\t\t\t<div class=\"post-date\">\n\t\t\t\t\t\t<span class=\"day\"> 2<\/span>\n\t\t\t\t\t\t<span class=\"month\">jul..2020<\/span>\n\t\t\t\t\t<\/div><\/div><div class=\"post-entry\"><div class=\"content-wrapper alignleft\">\n\t\t\t\t\t<figure>\n\t\t\t\t\t\t<a data-rel=\"prettyPhoto[lt_posts]\" class=\"prettyPhoto kids_picture\" title=\"El Zoo reintrodueix m\u00e9s de 200 peixos al Delta del Llobregat\" href=\"http:\/\/www.diariwin.cat\/temporada4\/wp-content\/uploads\/2020\/07\/fartet-deltallobregat-.jpg\"><img class=\"pic\" src='http:\/\/www.diariwin.cat\/temporada4\/wp-content\/uploads\/bfi_thumb\/fartet-deltallobregat--3b7xfn0dy87nxw8688xudm.jpg' data-at2x='http:\/\/www.diariwin.cat\/temporada4\/wp-content\/uploads\/bfi_thumb\/fartet-deltallobregat--3b7xfn0dy87nxw8688xudm@2x.jpg' alt=\"\" \/><\/a>\n\t\t\t\t\t<\/figure>\n\t\t\t\t<\/div><div class=\"entry\">\n\t\t\t\t\t\t\t\t<div class=\"post-title\">\n\t\t\t\t\t\t\t\t\t<a href=\"http:\/\/www.diariwin.cat\/temporada4\/2020\/07\/02\/el-zoo-reintrodueix-mes-de-200-peixos-al-delta-del-llobregat\/\">El Zoo reintrodueix m\u00e9s de 200 peixos al Delta del Llobregat<\/a>\n\t\t\t\t\t\t\t\t<\/div>Aquest dilluns 29 de juny el Zoo de Barcelona va reintroduir 267 fartets al seu h\u00e0bitat natural (l'h\u00e0bitat \u00e9s el lloc normal on viu un animal) del Delta del Llobregat. El fartet \u00e9s una esp\u00e8cie de peix ...<\/div>\n\t\t\t\t\t\t\t<\/div>\n\t\t\t\t<div class=\"post-footer\">\n\t\t\t\t\t<span class=\"l-float-right\"><a href=\"http:\/\/www.diariwin.cat\/temporada4\/2020\/07\/02\/el-zoo-reintrodueix-mes-de-200-peixos-al-delta-del-llobregat\/\" class=\"more-link cws_button\">\n\t\t\t\t\tRead More<\/a><\/span><div class=\"post_cats\">\n\t\t\t\t\t\t<p><span>Category:<\/span><a class=\"link\" href=\"http:\/\/www.diariwin.cat\/temporada4\/category\/animals\/\" title=\"View all posts in\">Animals<\/a>, <a class=\"link\" href=\"http:\/\/www.diariwin.cat\/temporada4\/category\/image\/\" title=\"View all posts in\">Image<\/a><\/p>\n\t\t\t\t\t<\/div><div class=\"kids_clear\"><\/div><\/div><\/div><\/div><div class=\"iso-item\"><div class=\"post-item\"><div class=\"post-meta\">\n\t\t\t\t\t<div class=\"post-date\">\n\t\t\t\t\t\t<span class=\"day\"> 30<\/span>\n\t\t\t\t\t\t<span class=\"month\">abr..2020<\/span>\n\t\t\t\t\t<\/div><\/div><div class=\"post-entry\"><div class=\"content-wrapper alignleft\">\n\t\t\t\t\t<figure>\n\t\t\t\t\t\t<a data-rel=\"prettyPhoto[lt_posts]\" class=\"prettyPhoto kids_picture\" title=\"Tres guies de lectura contra el bullying\" href=\"http:\/\/www.diariwin.cat\/temporada4\/wp-content\/uploads\/2020\/04\/bullying-assetjament.jpg\"><img class=\"pic\" src='http:\/\/www.diariwin.cat\/temporada4\/wp-content\/uploads\/bfi_thumb\/bullying-assetjament-3atc6jy4r8ebaim0wf32tm.jpg' data-at2x='http:\/\/www.diariwin.cat\/temporada4\/wp-content\/uploads\/bfi_thumb\/bullying-assetjament-3atc6jy4r8ebaim0wf32tm@2x.jpg' alt=\"\" \/><\/a>\n\t\t\t\t\t<\/figure>\n\t\t\t\t<\/div><div class=\"entry\">\n\t\t\t\t\t\t\t\t<div class=\"post-title\">\n\t\t\t\t\t\t\t\t\t<a href=\"http:\/\/www.diariwin.cat\/temporada4\/2020\/04\/30\/tres-guies-de-lectura-contra-el-bullying\/\">Tres guies de lectura contra el bullying<\/a>\n\t\t\t\t\t\t\t\t<\/div>El 2 de maig se celebra el Dia internacional contra el bullying. Amb motiu d'aquesta data, l'editorial Penguin Random House ha compartit diverses guies de lectura de llibres que tracten el tema de l'a ...<\/div>\n\t\t\t\t\t\t\t<\/div>\n\t\t\t\t<div class=\"post-footer\">\n\t\t\t\t\t<span class=\"l-float-right\"><a href=\"http:\/\/www.diariwin.cat\/temporada4\/2020\/04\/30\/tres-guies-de-lectura-contra-el-bullying\/\" class=\"more-link cws_button\">\n\t\t\t\t\tRead More<\/a><\/span><div class=\"post_cats\">\n\t\t\t\t\t\t<p><span>Category:<\/span><a class=\"link\" href=\"http:\/\/www.diariwin.cat\/temporada4\/category\/image\/\" title=\"View all posts in\">Image<\/a>, <a class=\"link\" href=\"http:\/\/www.diariwin.cat\/temporada4\/category\/mon\/\" title=\"View all posts in\">M\u00f3n<\/a><\/p>\n\t\t\t\t\t<\/div><div class=\"kids_clear\"><\/div><\/div><\/div><\/div><div class=\"iso-item\"><div class=\"post-item\"><div class=\"post-meta\">\n\t\t\t\t\t<div class=\"post-date\">\n\t\t\t\t\t\t<span class=\"day\"> 13<\/span>\n\t\t\t\t\t\t<span class=\"month\">abr..2020<\/span>\n\t\t\t\t\t<\/div><\/div><div class=\"post-entry\"><div class=\"content-wrapper alignleft\">\n\t\t\t\t\t<figure>\n\t\t\t\t\t\t<a data-rel=\"prettyPhoto[lt_posts]\" class=\"prettyPhoto kids_picture\" title=\"Sony Espanya dona consells per a un \u00fas responsable dels videojocs\" href=\"http:\/\/www.diariwin.cat\/temporada4\/wp-content\/uploads\/2020\/04\/consells-videojocs-sony.jpg\"><img class=\"pic\" src='http:\/\/www.diariwin.cat\/temporada4\/wp-content\/uploads\/bfi_thumb\/consells-videojocs-sony-3apgm0iaeuki8u8iyd6dqi.jpg' data-at2x='http:\/\/www.diariwin.cat\/temporada4\/wp-content\/uploads\/bfi_thumb\/consells-videojocs-sony-3apgm0iaeuki8u8iyd6dqi@2x.jpg' alt=\"\" \/><\/a>\n\t\t\t\t\t<\/figure>\n\t\t\t\t<\/div><div class=\"entry\">\n\t\t\t\t\t\t\t\t<div class=\"post-title\">\n\t\t\t\t\t\t\t\t\t<a href=\"http:\/\/www.diariwin.cat\/temporada4\/2020\/04\/13\/sony-espanya-comparteix-dona-consells-per-a-un-us-responsable-dels-videojocs\/\">Sony Espanya dona consells per a un \u00fas responsable dels videojocs<\/a>\n\t\t\t\t\t\t\t\t<\/div>Sony Espanya continua oferint a les fam\u00edlies i als m\u00e9s joves una s\u00e8rie de consells i videojocs per gaudir jugant en un entorn segur. ...<\/div>\n\t\t\t\t\t\t\t<\/div>\n\t\t\t\t<div class=\"post-footer\">\n\t\t\t\t\t<span class=\"l-float-right\"><a href=\"http:\/\/www.diariwin.cat\/temporada4\/2020\/04\/13\/sony-espanya-comparteix-dona-consells-per-a-un-us-responsable-dels-videojocs\/\" class=\"more-link cws_button\">\n\t\t\t\t\tRead More<\/a><\/span><div class=\"post_cats\">\n\t\t\t\t\t\t<p><span>Category:<\/span><a class=\"link\" href=\"http:\/\/www.diariwin.cat\/temporada4\/category\/image\/\" title=\"View all posts in\">Image<\/a>, <a class=\"link\" href=\"http:\/\/www.diariwin.cat\/temporada4\/category\/noticies\/\" title=\"View all posts in\">Not\u00edcies<\/a>, <a class=\"link\" href=\"http:\/\/www.diariwin.cat\/temporada4\/category\/videojocs\/\" title=\"View all posts in\">Videojocs<\/a><\/p>\n\t\t\t\t\t<\/div><div class=\"kids_clear\"><\/div><\/div><\/div><\/div><div class=\"iso-item\"><div class=\"post-item\"><div class=\"post-meta\">\n\t\t\t\t\t<div class=\"post-date\">\n\t\t\t\t\t\t<span class=\"day\"> 14<\/span>\n\t\t\t\t\t\t<span class=\"month\">mar\u00e7.2020<\/span>\n\t\t\t\t\t<\/div><\/div><div class=\"post-entry\"><div class=\"content-wrapper alignleft\">\n\t\t\t\t\t<figure>\n\t\t\t\t\t\t<a data-rel=\"prettyPhoto[lt_posts]\" class=\"prettyPhoto kids_picture\" title=\"Preguntes sobre les restriccions d\u2019activitats pel Covid-19\" href=\"http:\/\/www.diariwin.cat\/temporada4\/wp-content\/uploads\/2020\/03\/coronavirus800.jpg\"><img class=\"pic\" src='http:\/\/www.diariwin.cat\/temporada4\/wp-content\/uploads\/bfi_thumb\/coronavirus800-3aieql3g8yt4h0xzanzk7e.jpg' data-at2x='http:\/\/www.diariwin.cat\/temporada4\/wp-content\/uploads\/bfi_thumb\/coronavirus800-3aieql3g8yt4h0xzanzk7e@2x.jpg' alt=\"\" \/><\/a>\n\t\t\t\t\t<\/figure>\n\t\t\t\t<\/div><div class=\"entry\">\n\t\t\t\t\t\t\t\t<div class=\"post-title\">\n\t\t\t\t\t\t\t\t\t<a href=\"http:\/\/www.diariwin.cat\/temporada4\/2020\/03\/14\/preguntes-sobre-les-restriccions-dactivitats-pel-covid-19-a-catalunya\/\">Preguntes sobre les restriccions d\u2019activitats pel Covid-19<\/a>\n\t\t\t\t\t\t\t\t<\/div>Estem vivint una pand\u00e8mia a Catalunya, provocada per la difusi\u00f3 del coronavirus, un virus que es va originar a la Xina a finals del 2019.\n\nPer prevenir el contagi, el Govern de la Generalitat recomana ...<\/div>\n\t\t\t\t\t\t\t<\/div>\n\t\t\t\t<div class=\"post-footer\">\n\t\t\t\t\t<span class=\"l-float-right\"><a href=\"http:\/\/www.diariwin.cat\/temporada4\/2020\/03\/14\/preguntes-sobre-les-restriccions-dactivitats-pel-covid-19-a-catalunya\/\" class=\"more-link cws_button\">\n\t\t\t\t\tRead More<\/a><\/span><div class=\"post_cats\">\n\t\t\t\t\t\t<p><span>Category:<\/span><a class=\"link\" href=\"http:\/\/www.diariwin.cat\/temporada4\/category\/image\/\" title=\"View all posts in\">Image<\/a>, <a class=\"link\" href=\"http:\/\/www.diariwin.cat\/temporada4\/category\/mon\/\" title=\"View all posts in\">M\u00f3n<\/a>, <a class=\"link\" href=\"http:\/\/www.diariwin.cat\/temporada4\/category\/noticies\/\" title=\"View all posts in\">Not\u00edcies<\/a><\/p>\n\t\t\t\t\t<\/div><div class=\"kids_clear\"><\/div><\/div><\/div><\/div><div class=\"iso-item\"><div class=\"post-item\"><div class=\"post-meta\">\n\t\t\t\t\t<div class=\"post-date\">\n\t\t\t\t\t\t<span class=\"day\"> 13<\/span>\n\t\t\t\t\t\t<span class=\"month\">gen..2020<\/span>\n\t\t\t\t\t<\/div><\/div><div class=\"post-entry\"><div class=\"content-wrapper alignleft\">\n\t\t\t\t\t<figure>\n\t\t\t\t\t\t<a data-rel=\"prettyPhoto[lt_posts]\" class=\"prettyPhoto kids_picture\" title=\"Obre les portes la Bar\u00e7a Academy Ciutat de M\u00e8xic\" href=\"http:\/\/www.diariwin.cat\/temporada4\/wp-content\/uploads\/2020\/01\/Bar\u00e7a-Academy-CDMX.jpg\"><img class=\"pic\" src='http:\/\/www.diariwin.cat\/temporada4\/wp-content\/uploads\/bfi_thumb\/Bar\u00e7a-Academy-CDMX-3a638dcsws8qlj7kkg59my.jpg' data-at2x='http:\/\/www.diariwin.cat\/temporada4\/wp-content\/uploads\/bfi_thumb\/Bar\u00e7a-Academy-CDMX-3a638dcsws8qlj7kkg59my@2x.jpg' alt=\"\" \/><\/a>\n\t\t\t\t\t<\/figure>\n\t\t\t\t<\/div><div class=\"entry\">\n\t\t\t\t\t\t\t\t<div class=\"post-title\">\n\t\t\t\t\t\t\t\t\t<a href=\"http:\/\/www.diariwin.cat\/temporada4\/2020\/01\/13\/obre-les-portes-la-barca-academy-ciutat-de-mexic\/\">Obre les portes la Bar\u00e7a Academy Ciutat de M\u00e8xic<\/a>\n\t\t\t\t\t\t\t\t<\/div>El Futbol Club Barcelona ha inaugurat a Ciutat de Mexic  la  segona  seu  permanent  al  pa\u00eds  del seu projecte d'escola esportiva, la Ban\u00e7a Academy. Mexic continua sent un pa\u00eds clau dins de l'expansi ...<\/div>\n\t\t\t\t\t\t\t<\/div>\n\t\t\t\t<div class=\"post-footer\">\n\t\t\t\t\t<span class=\"l-float-right\"><a href=\"http:\/\/www.diariwin.cat\/temporada4\/2020\/01\/13\/obre-les-portes-la-barca-academy-ciutat-de-mexic\/\" class=\"more-link cws_button\">\n\t\t\t\t\tRead More<\/a><\/span><div class=\"post_cats\">\n\t\t\t\t\t\t<p><span>Category:<\/span><a class=\"link\" href=\"http:\/\/www.diariwin.cat\/temporada4\/category\/image\/\" title=\"View all posts in\">Image<\/a>, <a class=\"link\" href=\"http:\/\/www.diariwin.cat\/temporada4\/category\/mon\/\" title=\"View all posts in\">M\u00f3n<\/a>, <a class=\"link\" href=\"http:\/\/www.diariwin.cat\/temporada4\/category\/noticies\/\" title=\"View all posts in\">Not\u00edcies<\/a><\/p>\n\t\t\t\t\t<\/div><div class=\"kids_clear\"><\/div><\/div><\/div><\/div><div class=\"iso-item\"><div class=\"post-item\"><div class=\"post-meta\">\n\t\t\t\t\t<div class=\"post-date\">\n\t\t\t\t\t\t<span class=\"day\"> 8<\/span>\n\t\t\t\t\t\t<span class=\"month\">gen..2020<\/span>\n\t\t\t\t\t<\/div><\/div><div class=\"post-entry\"><div class=\"content-wrapper alignleft\">\n\t\t\t\t\t<figure>\n\t\t\t\t\t\t<a data-rel=\"prettyPhoto[lt_posts]\" class=\"prettyPhoto kids_picture\" title=\"&#8220;La Ciutat dels Somnis&#8221; tanca la tercera edici\u00f3\" href=\"http:\/\/www.diariwin.cat\/temporada4\/wp-content\/uploads\/2020\/01\/ciutat-delssomnis.jpg\"><img class=\"pic\" src='http:\/\/www.diariwin.cat\/temporada4\/wp-content\/uploads\/bfi_thumb\/ciutat-delssomnis-3a635tr9hhogm620ryd9my.jpg' data-at2x='http:\/\/www.diariwin.cat\/temporada4\/wp-content\/uploads\/bfi_thumb\/ciutat-delssomnis-3a635tr9hhogm620ryd9my@2x.jpg' alt=\"\" \/><\/a>\n\t\t\t\t\t<\/figure>\n\t\t\t\t<\/div><div class=\"entry\">\n\t\t\t\t\t\t\t\t<div class=\"post-title\">\n\t\t\t\t\t\t\t\t\t<a href=\"http:\/\/www.diariwin.cat\/temporada4\/2020\/01\/08\/la-ciutat-dels-somnis-tanca-la-tercera-edicio\/\">&#8220;La Ciutat dels Somnis&#8221; tanca la tercera edici\u00f3<\/a>\n\t\t\t\t\t\t\t\t<\/div>'La Ciutat dels Somnis', el nou Festival de la Inf\u00e0ncia, ha tancat la seva tercera edici\u00f3 en qu\u00e8 ha consolidat el seu nou format que uneix diversi\u00f3, educaci\u00f3, jocs, esports i valors.  ...<\/div>\n\t\t\t\t\t\t\t<\/div>\n\t\t\t\t<div class=\"post-footer\">\n\t\t\t\t\t<span class=\"l-float-right\"><a href=\"http:\/\/www.diariwin.cat\/temporada4\/2020\/01\/08\/la-ciutat-dels-somnis-tanca-la-tercera-edicio\/\" class=\"more-link cws_button\">\n\t\t\t\t\tRead More<\/a><\/span><div class=\"post_cats\">\n\t\t\t\t\t\t<p><span>Category:<\/span><a class=\"link\" href=\"http:\/\/www.diariwin.cat\/temporada4\/category\/image\/\" title=\"View all posts in\">Image<\/a>, <a class=\"link\" href=\"http:\/\/www.diariwin.cat\/temporada4\/category\/mon\/\" title=\"View all posts in\">M\u00f3n<\/a>, <a class=\"link\" href=\"http:\/\/www.diariwin.cat\/temporada4\/category\/noticies\/\" title=\"View all posts in\">Not\u00edcies<\/a><\/p>\n\t\t\t\t\t<\/div><div class=\"kids_clear\"><\/div><\/div><\/div><\/div><div class=\"iso-item\"><div class=\"post-item\"><div class=\"post-meta\">\n\t\t\t\t\t<div class=\"post-date\">\n\t\t\t\t\t\t<span class=\"day\"> 2<\/span>\n\t\t\t\t\t\t<span class=\"month\">des..2019<\/span>\n\t\t\t\t\t<\/div><\/div><div class=\"post-entry\"><div class=\"content-wrapper alignleft\">\n\t\t\t\t\t<figure>\n\t\t\t\t\t\t<a data-rel=\"prettyPhoto[lt_posts]\" class=\"prettyPhoto kids_picture\" title=\"La FCT reconeix als campions i finalistes juvenils\" href=\"http:\/\/www.diariwin.cat\/temporada4\/wp-content\/uploads\/2020\/01\/fct-campions-juvenils.jpg\"><img class=\"pic\" src='http:\/\/www.diariwin.cat\/temporada4\/wp-content\/uploads\/bfi_thumb\/fct-campions-juvenils-3a633bjhbez97c427zmhai.jpg' data-at2x='http:\/\/www.diariwin.cat\/temporada4\/wp-content\/uploads\/bfi_thumb\/fct-campions-juvenils-3a633bjhbez97c427zmhai@2x.jpg' alt=\"\" \/><\/a>\n\t\t\t\t\t<\/figure>\n\t\t\t\t<\/div><div class=\"entry\">\n\t\t\t\t\t\t\t\t<div class=\"post-title\">\n\t\t\t\t\t\t\t\t\t<a href=\"http:\/\/www.diariwin.cat\/temporada4\/2019\/12\/02\/la-fct-reconeix-als-campions-i-finalistes-juvenils\/\">La FCT reconeix als campions i finalistes juvenils<\/a>\n\t\t\t\t\t\t\t\t<\/div>El passat dijous 28 de novembre es va fer l'acte de reconeixement de la Federaci\u00f3 Catalana de Tennis (FCT) als campions, campiones i finalistes dels Campionats de Catalunya Juvenils de 2019.   ...<\/div>\n\t\t\t\t\t\t\t<\/div>\n\t\t\t\t<div class=\"post-footer\">\n\t\t\t\t\t<span class=\"l-float-right\"><a href=\"http:\/\/www.diariwin.cat\/temporada4\/2019\/12\/02\/la-fct-reconeix-als-campions-i-finalistes-juvenils\/\" class=\"more-link cws_button\">\n\t\t\t\t\tRead More<\/a><\/span><div class=\"post_cats\">\n\t\t\t\t\t\t<p><span>Category:<\/span><a class=\"link\" href=\"http:\/\/www.diariwin.cat\/temporada4\/category\/esports\/\" title=\"View all posts in\">Esports<\/a>, <a class=\"link\" href=\"http:\/\/www.diariwin.cat\/temporada4\/category\/noticies\/\" title=\"View all posts in\">Not\u00edcies<\/a><\/p>\n\t\t\t\t\t<\/div><div class=\"kids_clear\"><\/div><\/div><\/div><\/div><div class=\"iso-item\"><div class=\"post-item\"><div class=\"post-meta\">\n\t\t\t\t\t<div class=\"post-date\">\n\t\t\t\t\t\t<span class=\"day\"> 23<\/span>\n\t\t\t\t\t\t<span class=\"month\">oct..2019<\/span>\n\t\t\t\t\t<\/div><\/div><div class=\"post-entry\"><div class=\"content-wrapper alignleft\">\n\t\t\t\t\t<figure>\n\t\t\t\t\t\t<a data-rel=\"prettyPhoto[lt_posts]\" class=\"prettyPhoto kids_picture\" title=\"Osamu Tezuka, el d\u00e9u del Manga, al MNAC\" href=\"http:\/\/www.diariwin.cat\/temporada4\/wp-content\/uploads\/2020\/01\/exposicio-deumanga-mnac.jpg\"><img class=\"pic\" src='http:\/\/www.diariwin.cat\/temporada4\/wp-content\/uploads\/bfi_thumb\/exposicio-deumanga-mnac-3a62x7j1x3oiye3is6wd1m.jpg' data-at2x='http:\/\/www.diariwin.cat\/temporada4\/wp-content\/uploads\/bfi_thumb\/exposicio-deumanga-mnac-3a62x7j1x3oiye3is6wd1m@2x.jpg' alt=\"\" \/><\/a>\n\t\t\t\t\t<\/figure>\n\t\t\t\t<\/div><div class=\"entry\">\n\t\t\t\t\t\t\t\t<div class=\"post-title\">\n\t\t\t\t\t\t\t\t\t<a href=\"http:\/\/www.diariwin.cat\/temporada4\/2019\/10\/23\/osamu-tezuka-el-deu-del-manga-al-mnac\/\">Osamu Tezuka, el d\u00e9u del Manga, al MNAC<\/a>\n\t\t\t\t\t\t\t\t<\/div>Gaireb\u00e9 uns 200 originals d'Osamu Tezuka, tamb\u00e9 conegut com a D\u00e9u del Manga  per la seva aportaci\u00f3 a la vinyeta japonesa, es podran veure durant  gaireb\u00e9 un parell de mesos al Museu Nacional d'Art de  ...<\/div>\n\t\t\t\t\t\t\t<\/div>\n\t\t\t\t<div class=\"post-footer\">\n\t\t\t\t\t<span class=\"l-float-right\"><a href=\"http:\/\/www.diariwin.cat\/temporada4\/2019\/10\/23\/osamu-tezuka-el-deu-del-manga-al-mnac\/\" class=\"more-link cws_button\">\n\t\t\t\t\tRead More<\/a><\/span><div class=\"post_cats\">\n\t\t\t\t\t\t<p><span>Category:<\/span><a class=\"link\" href=\"http:\/\/www.diariwin.cat\/temporada4\/category\/mon\/\" title=\"View all posts in\">M\u00f3n<\/a><\/p>\n\t\t\t\t\t<\/div><div class=\"kids_clear\"><\/div><\/div><\/div><\/div><div class=\"iso-item\"><div class=\"post-item\"><div class=\"post-meta\">\n\t\t\t\t\t<div class=\"post-date\">\n\t\t\t\t\t\t<span class=\"day\"> 9<\/span>\n\t\t\t\t\t\t<span class=\"month\">oct..2019<\/span>\n\t\t\t\t\t<\/div><\/div><div class=\"post-entry\"><div class=\"content-wrapper alignleft\">\n\t\t\t\t\t<figure>\n\t\t\t\t\t\t<a data-rel=\"prettyPhoto[lt_posts]\" class=\"prettyPhoto kids_picture\" title=\"El CNIAC celebra assemblea extraordin\u00e0ria i arrenca el nou curs\" href=\"http:\/\/www.diariwin.cat\/temporada4\/wp-content\/uploads\/2020\/01\/cniac-assembleaextraordinaria.jpg\"><img class=\"pic\" src='http:\/\/www.diariwin.cat\/temporada4\/wp-content\/uploads\/bfi_thumb\/cniac-assembleaextraordinaria-3a630fvp418wfbatgc3j7u.jpg' data-at2x='http:\/\/www.diariwin.cat\/temporada4\/wp-content\/uploads\/bfi_thumb\/cniac-assembleaextraordinaria-3a630fvp418wfbatgc3j7u@2x.jpg' alt=\"\" \/><\/a>\n\t\t\t\t\t<\/figure>\n\t\t\t\t<\/div><div class=\"entry\">\n\t\t\t\t\t\t\t\t<div class=\"post-title\">\n\t\t\t\t\t\t\t\t\t<a href=\"http:\/\/www.diariwin.cat\/temporada4\/2019\/10\/09\/el-cniac-celebra-assemblea-extraordinaria-i-arrenca-el-nou-curs\/\">El CNIAC celebra assemblea extraordin\u00e0ria i arrenca el nou curs<\/a>\n\t\t\t\t\t\t\t\t<\/div>50 nois i noies s\u2019han aplegat en la trobada del  Consell Nacional d\u2019Infants i Adolescents de Catalunya que ha tancat la secret\u00e0ria d\u2019Inf\u00e0ncia, Adolesc\u00e8ncia i Joventut, Georgina Oliva. ...<\/div>\n\t\t\t\t\t\t\t<\/div>\n\t\t\t\t<div class=\"post-footer\">\n\t\t\t\t\t<span class=\"l-float-right\"><a href=\"http:\/\/www.diariwin.cat\/temporada4\/2019\/10\/09\/el-cniac-celebra-assemblea-extraordinaria-i-arrenca-el-nou-curs\/\" class=\"more-link cws_button\">\n\t\t\t\t\tRead More<\/a><\/span><div class=\"post_cats\">\n\t\t\t\t\t\t<p><span>Category:<\/span><a class=\"link\" href=\"http:\/\/www.diariwin.cat\/temporada4\/category\/mon\/\" title=\"View all posts in\">M\u00f3n<\/a><\/p>\n\t\t\t\t\t<\/div><div class=\"kids_clear\"><\/div><\/div><\/div><\/div><div class=\"iso-item\"><div class=\"post-item\"><div class=\"post-meta\">\n\t\t\t\t\t<div class=\"post-date\">\n\t\t\t\t\t\t<span class=\"day\"> 18<\/span>\n\t\t\t\t\t\t<span class=\"month\">set..2019<\/span>\n\t\t\t\t\t<\/div><\/div><div class=\"post-entry\"><div class=\"content-wrapper alignleft\">\n\t\t\t\t\t<figure>\n\t\t\t\t\t\t<a data-rel=\"prettyPhoto[lt_posts]\" class=\"prettyPhoto kids_picture\" title=\"Aventura total, un nou projecte per a primers lectors\" href=\"http:\/\/www.diariwin.cat\/temporada4\/wp-content\/uploads\/2020\/01\/aventura-total.jpg\"><img class=\"pic\" src='http:\/\/www.diariwin.cat\/temporada4\/wp-content\/uploads\/bfi_thumb\/aventura-total-3a62ulaitnxam09nwi8lca.jpg' data-at2x='http:\/\/www.diariwin.cat\/temporada4\/wp-content\/uploads\/bfi_thumb\/aventura-total-3a62ulaitnxam09nwi8lca@2x.jpg' alt=\"\" \/><\/a>\n\t\t\t\t\t<\/figure>\n\t\t\t\t<\/div><div class=\"entry\">\n\t\t\t\t\t\t\t\t<div class=\"post-title\">\n\t\t\t\t\t\t\t\t\t<a href=\"http:\/\/www.diariwin.cat\/temporada4\/2019\/09\/18\/aventura-total-un-nou-projecte-per-a-primers-lectors\/\">Aventura total, un nou projecte per a primers lectors<\/a>\n\t\t\t\t\t\t\t\t<\/div>Jaume Copons, guionista de Barri S\u00e8sam, i \u00d3scar Julve, creador de les formigues Trancas i Barrancas d'El Hormiguero, presenten la seva nova col\u00b7lecci\u00f3 de llibres per a primers lectors \"Aventura total\" ...<\/div>\n\t\t\t\t\t\t\t<\/div>\n\t\t\t\t<div class=\"post-footer\">\n\t\t\t\t\t<span class=\"l-float-right\"><a href=\"http:\/\/www.diariwin.cat\/temporada4\/2019\/09\/18\/aventura-total-un-nou-projecte-per-a-primers-lectors\/\" class=\"more-link cws_button\">\n\t\t\t\t\tRead More<\/a><\/span><div class=\"post_cats\">\n\t\t\t\t\t\t<p><span>Category:<\/span><a class=\"link\" href=\"http:\/\/www.diariwin.cat\/temporada4\/category\/mon\/\" title=\"View all posts in\">M\u00f3n<\/a><\/p>\n\t\t\t\t\t<\/div><div class=\"kids_clear\"><\/div><\/div><\/div><\/div><div class=\"iso-item\"><div class=\"post-item\"><div class=\"post-meta\">\n\t\t\t\t\t<div class=\"post-date\">\n\t\t\t\t\t\t<span class=\"day\"> 17<\/span>\n\t\t\t\t\t\t<span class=\"month\">juny.2019<\/span>\n\t\t\t\t\t<\/div><\/div><div class=\"post-entry\"><div class=\"content-wrapper alignleft\">\n\t\t\t\t\t<figure>\n\t\t\t\t\t\t<a data-rel=\"prettyPhoto[lt_posts]\" class=\"prettyPhoto kids_picture\" title=\"Budapest, nova seu de Bar\u00e7a Academy a Centreeuropa\" href=\"http:\/\/www.diariwin.cat\/temporada4\/wp-content\/uploads\/2020\/01\/barcaacademybudapest.jpg\"><img class=\"pic\" src='http:\/\/www.diariwin.cat\/temporada4\/wp-content\/uploads\/bfi_thumb\/barcaacademybudapest-3a5ust9ejwvxqa5lvdjpca.jpg' data-at2x='http:\/\/www.diariwin.cat\/temporada4\/wp-content\/uploads\/bfi_thumb\/barcaacademybudapest-3a5ust9ejwvxqa5lvdjpca@2x.jpg' alt=\"\" \/><\/a>\n\t\t\t\t\t<\/figure>\n\t\t\t\t<\/div><div class=\"entry\">\n\t\t\t\t\t\t\t\t<div class=\"post-title\">\n\t\t\t\t\t\t\t\t\t<a href=\"http:\/\/www.diariwin.cat\/temporada4\/2019\/06\/17\/budapest-nova-seu-de-barca-academy-a-centreeuropa\/\">Budapest, nova seu de Bar\u00e7a Academy a Centreeuropa<\/a>\n\t\t\t\t\t\t\t\t<\/div>El projecte Bar\u00e7a Academy comptar\u00e0 a partir del pr\u00f2xim mes de setembre amb una nova escala de futbol al centre d'Europa, concretament a la ciutat de Budapest. ...<\/div>\n\t\t\t\t\t\t\t<\/div>\n\t\t\t\t<div class=\"post-footer\">\n\t\t\t\t\t<span class=\"l-float-right\"><a href=\"http:\/\/www.diariwin.cat\/temporada4\/2019\/06\/17\/budapest-nova-seu-de-barca-academy-a-centreeuropa\/\" class=\"more-link cws_button\">\n\t\t\t\t\tRead More<\/a><\/span><div class=\"post_cats\">\n\t\t\t\t\t\t<p><span>Category:<\/span><a class=\"link\" href=\"http:\/\/www.diariwin.cat\/temporada4\/category\/esports\/\" title=\"View all posts in\">Esports<\/a><\/p>\n\t\t\t\t\t<\/div><div class=\"kids_clear\"><\/div><\/div><\/div><\/div><div class=\"iso-item\"><div class=\"post-item\"><div class=\"post-meta\">\n\t\t\t\t\t<div class=\"post-date\">\n\t\t\t\t\t\t<span class=\"day\"> 23<\/span>\n\t\t\t\t\t\t<span class=\"month\">maig.2019<\/span>\n\t\t\t\t\t<\/div><\/div><div class=\"post-entry\"><div class=\"content-wrapper alignleft\">\n\t\t\t\t\t<figure>\n\t\t\t\t\t\t<a data-rel=\"prettyPhoto[lt_posts]\" class=\"prettyPhoto kids_picture\" title=\"Congo, un reportatge sobre l&#8217;\u00c0frica, en castell\u00e0\" href=\"http:\/\/www.diariwin.cat\/temporada4\/wp-content\/uploads\/2020\/01\/congo-llibre-africa.jpg\"><img class=\"pic\" src='http:\/\/www.diariwin.cat\/temporada4\/wp-content\/uploads\/bfi_thumb\/congo-llibre-africa-3a5uqc1t46g8ju6meca5u2.jpg' data-at2x='http:\/\/www.diariwin.cat\/temporada4\/wp-content\/uploads\/bfi_thumb\/congo-llibre-africa-3a5uqc1t46g8ju6meca5u2@2x.jpg' alt=\"\" \/><\/a>\n\t\t\t\t\t<\/figure>\n\t\t\t\t<\/div><div class=\"entry\">\n\t\t\t\t\t\t\t\t<div class=\"post-title\">\n\t\t\t\t\t\t\t\t\t<a href=\"http:\/\/www.diariwin.cat\/temporada4\/2019\/05\/23\/congo-un-reportatge-sobre-lafrica-en-castella\/\">Congo, un reportatge sobre l&#8217;\u00c0frica, en castell\u00e0<\/a>\n\t\t\t\t\t\t\t\t<\/div>Congo \u00e9s un llibre sobre l'\u00c0frica que va ser un \u00e8xit editorial i es va traduir a m\u00e9s de vint lleng\u00fces, per\u00f2 mai abans al castell\u00e0.  ...<\/div>\n\t\t\t\t\t\t\t<\/div>\n\t\t\t\t<div class=\"post-footer\">\n\t\t\t\t\t<span class=\"l-float-right\"><a href=\"http:\/\/www.diariwin.cat\/temporada4\/2019\/05\/23\/congo-un-reportatge-sobre-lafrica-en-castella\/\" class=\"more-link cws_button\">\n\t\t\t\t\tRead More<\/a><\/span><div class=\"post_cats\">\n\t\t\t\t\t\t<p><span>Category:<\/span><a class=\"link\" href=\"http:\/\/www.diariwin.cat\/temporada4\/category\/mon\/\" title=\"View all posts in\">M\u00f3n<\/a><\/p>\n\t\t\t\t\t<\/div><div class=\"kids_clear\"><\/div><\/div><\/div><\/div><div class=\"iso-item\"><div class=\"post-item\"><div class=\"post-meta\">\n\t\t\t\t\t<div class=\"post-date\">\n\t\t\t\t\t\t<span class=\"day\"> 5<\/span>\n\t\t\t\t\t\t<span class=\"month\">abr..2019<\/span>\n\t\t\t\t\t<\/div><\/div><div class=\"post-entry\"><div class=\"content-wrapper alignleft\">\n\t\t\t\t\t<figure>\n\t\t\t\t\t\t<a data-rel=\"prettyPhoto[lt_posts]\" class=\"prettyPhoto kids_picture\" title=\"El videojoc inclusiu Treasure Rangers, a PlayStation 4\" href=\"http:\/\/www.diariwin.cat\/temporada4\/wp-content\/uploads\/2020\/01\/treasure-rangers.jpg\"><img class=\"pic\" src='http:\/\/www.diariwin.cat\/temporada4\/wp-content\/uploads\/bfi_thumb\/treasure-rangers-3a5unrp4n4otw6juane87e.jpg' data-at2x='http:\/\/www.diariwin.cat\/temporada4\/wp-content\/uploads\/bfi_thumb\/treasure-rangers-3a5unrp4n4otw6juane87e@2x.jpg' alt=\"\" \/><\/a>\n\t\t\t\t\t<\/figure>\n\t\t\t\t<\/div><div class=\"entry\">\n\t\t\t\t\t\t\t\t<div class=\"post-title\">\n\t\t\t\t\t\t\t\t\t<a href=\"http:\/\/www.diariwin.cat\/temporada4\/2019\/04\/05\/el-videojoc-inclusiu-treasure-rangers-a-playstation-4\/\">El videojoc inclusiu Treasure Rangers, a PlayStation 4<\/a>\n\t\t\t\t\t\t\t\t<\/div>Sony Interactive Entertainment Espanya (SIE Espanya) ha anunciat el desenvolupament de Treasure Rangers, un videojoc inclusiu que narra les aventures d'un grup de quatre amics i en el qual s'inclou un ...<\/div>\n\t\t\t\t\t\t\t<\/div>\n\t\t\t\t<div class=\"post-footer\">\n\t\t\t\t\t<span class=\"l-float-right\"><a href=\"http:\/\/www.diariwin.cat\/temporada4\/2019\/04\/05\/el-videojoc-inclusiu-treasure-rangers-a-playstation-4\/\" class=\"more-link cws_button\">\n\t\t\t\t\tRead More<\/a><\/span><div class=\"post_cats\">\n\t\t\t\t\t\t<p><span>Category:<\/span><a class=\"link\" href=\"http:\/\/www.diariwin.cat\/temporada4\/category\/videojocs\/\" title=\"View all posts in\">Videojocs<\/a><\/p>\n\t\t\t\t\t<\/div><div class=\"kids_clear\"><\/div><\/div><\/div><\/div><div class=\"iso-item\"><div class=\"post-item\"><div class=\"post-meta\">\n\t\t\t\t\t<div class=\"post-date\">\n\t\t\t\t\t\t<span class=\"day\"> 5<\/span>\n\t\t\t\t\t\t<span class=\"month\">mar\u00e7.2019<\/span>\n\t\t\t\t\t<\/div><\/div><div class=\"post-entry\"><div class=\"content-wrapper alignleft\">\n\t\t\t\t\t<figure>\n\t\t\t\t\t\t<a data-rel=\"prettyPhoto[lt_posts]\" class=\"prettyPhoto kids_picture\" title=\"David Bisbal estrena el videoclip &#8220;Tu ets la m\u00e0gia&#8221;\" href=\"http:\/\/www.diariwin.cat\/temporada4\/wp-content\/uploads\/2020\/01\/david-bisbal-videoclip-tuetslamagia.jpg\"><img class=\"pic\" src='http:\/\/www.diariwin.cat\/temporada4\/wp-content\/uploads\/bfi_thumb\/david-bisbal-videoclip-tuetslamagia-3a5ujtc59msh57u2w6xbt6.jpg' data-at2x='http:\/\/www.diariwin.cat\/temporada4\/wp-content\/uploads\/bfi_thumb\/david-bisbal-videoclip-tuetslamagia-3a5ujtc59msh57u2w6xbt6@2x.jpg' alt=\"\" \/><\/a>\n\t\t\t\t\t<\/figure>\n\t\t\t\t<\/div><div class=\"entry\">\n\t\t\t\t\t\t\t\t<div class=\"post-title\">\n\t\t\t\t\t\t\t\t\t<a href=\"http:\/\/www.diariwin.cat\/temporada4\/2019\/03\/05\/david-bisbal-estrena-el-videoclip-tu-ets-la-magia-tema-principal-de-la-pellicula-el-parc-magic\/\">David Bisbal estrena el videoclip &#8220;Tu ets la m\u00e0gia&#8221;<\/a>\n\t\t\t\t\t\t\t\t<\/div>David Bisbal va publicar el 3 de mar\u00e7 \"Tu Ets la M\u00e0gia\" el tema principal de la pel\u00b7l\u00edcula El Parc M\u00e0gic (Wonderpark). \"Tu Ets La M\u00e0gia\" \u00e9s l'adaptaci\u00f3 en espanyol del tema original compost per Anne P ...<\/div>\n\t\t\t\t\t\t\t<\/div>\n\t\t\t\t<div class=\"post-footer\">\n\t\t\t\t\t<span class=\"l-float-right\"><a href=\"http:\/\/www.diariwin.cat\/temporada4\/2019\/03\/05\/david-bisbal-estrena-el-videoclip-tu-ets-la-magia-tema-principal-de-la-pellicula-el-parc-magic\/\" class=\"more-link cws_button\">\n\t\t\t\t\tRead More<\/a><\/span><div class=\"post_cats\">\n\t\t\t\t\t\t<p><span>Category:<\/span><a class=\"link\" href=\"http:\/\/www.diariwin.cat\/temporada4\/category\/musica\/\" title=\"View all posts in\">M\u00fasica<\/a><\/p>\n\t\t\t\t\t<\/div><div class=\"kids_clear\"><\/div><\/div><\/div><\/div><div class=\"iso-item\"><div class=\"post-item\"><div class=\"post-meta\">\n\t\t\t\t\t<div class=\"post-date\">\n\t\t\t\t\t\t<span class=\"day\"> 5<\/span>\n\t\t\t\t\t\t<span class=\"month\">febr..2019<\/span>\n\t\t\t\t\t<\/div><\/div><div class=\"post-entry\"><div class=\"content-wrapper alignleft\">\n\t\t\t\t\t<figure>\n\t\t\t\t\t\t<a data-rel=\"prettyPhoto[lt_posts]\" class=\"prettyPhoto kids_picture\" title=\"Es presenta la 7a edici\u00f3 del Festival Strenes\" href=\"http:\/\/www.diariwin.cat\/temporada4\/wp-content\/uploads\/2020\/01\/presentacio-7a-festiva-strenes.jpg\"><img class=\"pic\" src='http:\/\/www.diariwin.cat\/temporada4\/wp-content\/uploads\/bfi_thumb\/presentacio-7a-festiva-strenes-3a5ufo2dm1krjl2db3ad56.jpg' data-at2x='http:\/\/www.diariwin.cat\/temporada4\/wp-content\/uploads\/bfi_thumb\/presentacio-7a-festiva-strenes-3a5ufo2dm1krjl2db3ad56@2x.jpg' alt=\"\" \/><\/a>\n\t\t\t\t\t<\/figure>\n\t\t\t\t<\/div><div class=\"entry\">\n\t\t\t\t\t\t\t\t<div class=\"post-title\">\n\t\t\t\t\t\t\t\t\t<a href=\"http:\/\/www.diariwin.cat\/temporada4\/2019\/02\/05\/es-presenta-la-7a-edicio-del-festival-strenes\/\">Es presenta la 7a edici\u00f3 del Festival Strenes<\/a>\n\t\t\t\t\t\t\t\t<\/div>El 30 de gener es va presentar la setena edici\u00f3 del Festival Strenes, que segons els organitzadors, \u00e9s la m\u00e9s ambiciosa de la seva hist\u00f2ria.    ...<\/div>\n\t\t\t\t\t\t\t<\/div>\n\t\t\t\t<div class=\"post-footer\">\n\t\t\t\t\t<span class=\"l-float-right\"><a href=\"http:\/\/www.diariwin.cat\/temporada4\/2019\/02\/05\/es-presenta-la-7a-edicio-del-festival-strenes\/\" class=\"more-link cws_button\">\n\t\t\t\t\tRead More<\/a><\/span><div class=\"post_cats\">\n\t\t\t\t\t\t<p><span>Category:<\/span><a class=\"link\" href=\"http:\/\/www.diariwin.cat\/temporada4\/category\/musica\/\" title=\"View all posts in\">M\u00fasica<\/a><\/p>\n\t\t\t\t\t<\/div><div class=\"kids_clear\"><\/div><\/div><\/div><\/div><div class=\"iso-item\"><div class=\"post-item\"><div class=\"post-meta\">\n\t\t\t\t\t<div class=\"post-date\">\n\t\t\t\t\t\t<span class=\"day\"> 19<\/span>\n\t\t\t\t\t\t<span class=\"month\">juny.2015<\/span>\n\t\t\t\t\t<\/div><\/div><div class=\"post-entry\"><div class=\"content-wrapper alignleft\">\n\t\t\t\t\t<figure>\n\t\t\t\t\t\t<a data-rel=\"prettyPhoto[lt_posts]\" class=\"prettyPhoto kids_picture\" title=\"\u201cAlcalde Corrupto\u201d, per sentir-se un pol\u00edtic corrupte\" href=\"http:\/\/www.diariwin.cat\/temporada4\/wp-content\/uploads\/2015\/06\/alcalde_corrupto.png\"><img class=\"pic\" src='http:\/\/www.diariwin.cat\/temporada4\/wp-content\/uploads\/bfi_thumb\/alcalde_corrupto-37wtjydp9mhoc11vgrec5m.png' data-at2x='http:\/\/www.diariwin.cat\/temporada4\/wp-content\/uploads\/bfi_thumb\/alcalde_corrupto-37wtjydp9mhoc11vgrec5m@2x.png' alt=\"\" \/><\/a>\n\t\t\t\t\t<\/figure>\n\t\t\t\t<\/div><div class=\"entry\">\n\t\t\t\t\t\t\t\t<div class=\"post-title\">\n\t\t\t\t\t\t\t\t\t<a href=\"http:\/\/www.diariwin.cat\/temporada4\/2015\/06\/19\/alcalde-corrupto-per-sentir-se-un-politic-corrupte\/\">\u201cAlcalde Corrupto\u201d, per sentir-se un pol\u00edtic corrupte<\/a>\n\t\t\t\t\t\t\t\t<\/div>Aquesta setmana us presentem \u201cAlcalde Corrupto\u201d, un videojoc per a tel\u00e8fons m\u00f2bils que ens apropar\u00e0 al m\u00f3n de la corrupci\u00f3 pol\u00edtica. ...<\/div>\n\t\t\t\t\t\t\t<\/div>\n\t\t\t\t<div class=\"post-footer\">\n\t\t\t\t\t<span class=\"l-float-right\"><a href=\"http:\/\/www.diariwin.cat\/temporada4\/2015\/06\/19\/alcalde-corrupto-per-sentir-se-un-politic-corrupte\/\" class=\"more-link cws_button\">\n\t\t\t\t\tRead More<\/a><\/span><div class=\"post_cats\">\n\t\t\t\t\t\t<p><span>Category:<\/span><a class=\"link\" href=\"http:\/\/www.diariwin.cat\/temporada4\/category\/image\/\" title=\"View all posts in\">Image<\/a>, <a class=\"link\" href=\"http:\/\/www.diariwin.cat\/temporada4\/category\/noticies\/\" title=\"View all posts in\">Not\u00edcies<\/a>, <a class=\"link\" href=\"http:\/\/www.diariwin.cat\/temporada4\/category\/videojocs\/\" title=\"View all posts in\">Videojocs<\/a><\/p>\n\t\t\t\t\t<\/div><div class=\"post_tags\">\n\t\t\t\t\t\t<p><span>Tags:<\/span>\n\t\t\t\t\t\t\t<a href=\"http:\/\/www.diariwin.cat\/temporada4\/tag\/alcalde-corrupto\/\" title=\"Tag\" class=\"link\">Alcalde Corrupto<\/a>, <a href=\"http:\/\/www.diariwin.cat\/temporada4\/tag\/corrupcio\/\" title=\"Tag\" class=\"link\">corrupci\u00f3<\/a>, <a href=\"http:\/\/www.diariwin.cat\/temporada4\/tag\/politic\/\" title=\"Tag\" class=\"link\">pol\u00edtic<\/a><\/p>\n\t\t\t\t\t<\/div><div class=\"kids_clear\"><\/div><\/div><\/div><\/div><div class=\"iso-item\"><div class=\"post-item\"><div class=\"post-meta\">\n\t\t\t\t\t<div class=\"post-date\">\n\t\t\t\t\t\t<span class=\"day\"> 19<\/span>\n\t\t\t\t\t\t<span class=\"month\">juny.2015<\/span>\n\t\t\t\t\t<\/div><\/div><div class=\"post-entry\"><div class=\"content-wrapper alignleft\">\n\t\t\t\t\t<figure>\n\t\t\t\t\t\t<a data-rel=\"prettyPhoto[lt_posts]\" class=\"prettyPhoto kids_picture\" title=\"Pakistan obliga a registrar novament a totes les ONG\" href=\"http:\/\/www.diariwin.cat\/temporada4\/wp-content\/uploads\/2015\/09\/pakistan_.png\"><img class=\"pic\" src='http:\/\/www.diariwin.cat\/temporada4\/wp-content\/uploads\/bfi_thumb\/pakistan_-37wtjz9d5o7zsd9z5toxe2.png' data-at2x='http:\/\/www.diariwin.cat\/temporada4\/wp-content\/uploads\/bfi_thumb\/pakistan_-37wtjz9d5o7zsd9z5toxe2@2x.png' alt=\"\" \/><\/a>\n\t\t\t\t\t<\/figure>\n\t\t\t\t<\/div><div class=\"entry\">\n\t\t\t\t\t\t\t\t<div class=\"post-title\">\n\t\t\t\t\t\t\t\t\t<a href=\"http:\/\/www.diariwin.cat\/temporada4\/2015\/06\/19\/pakistan-obliga-a-registrar-novament-a-totes-les-ong\/\">Pakistan obliga a registrar novament a totes les ONG<\/a>\n\t\t\t\t\t\t\t\t<\/div>El primer ministre del Pakistan va ordenar dimarts a totes les ag\u00e8ncies internacionals a renovar el seu registre en el termini de tres mesos, enmig de la repressi\u00f3 dirigida a treballadors d\u2019ONG i acti ...<\/div>\n\t\t\t\t\t\t\t<\/div>\n\t\t\t\t<div class=\"post-footer\">\n\t\t\t\t\t<span class=\"l-float-right\"><a href=\"http:\/\/www.diariwin.cat\/temporada4\/2015\/06\/19\/pakistan-obliga-a-registrar-novament-a-totes-les-ong\/\" class=\"more-link cws_button\">\n\t\t\t\t\tRead More<\/a><\/span><div class=\"post_cats\">\n\t\t\t\t\t\t<p><span>Category:<\/span><a class=\"link\" href=\"http:\/\/www.diariwin.cat\/temporada4\/category\/image\/\" title=\"View all posts in\">Image<\/a>, <a class=\"link\" href=\"http:\/\/www.diariwin.cat\/temporada4\/category\/mon\/\" title=\"View all posts in\">M\u00f3n<\/a>, <a class=\"link\" href=\"http:\/\/www.diariwin.cat\/temporada4\/category\/noticies\/\" title=\"View all posts in\">Not\u00edcies<\/a><\/p>\n\t\t\t\t\t<\/div><div class=\"post_tags\">\n\t\t\t\t\t\t<p><span>Tags:<\/span>\n\t\t\t\t\t\t\t<a href=\"http:\/\/www.diariwin.cat\/temporada4\/tag\/ong\/\" title=\"Tag\" class=\"link\">ONG<\/a>, <a href=\"http:\/\/www.diariwin.cat\/temporada4\/tag\/pakistan\/\" title=\"Tag\" class=\"link\">Pakistan<\/a><\/p>\n\t\t\t\t\t<\/div><div class=\"kids_clear\"><\/div><\/div><\/div><\/div><\/div><!--\/ .projects-carousel --><\/div><!--\/ .work-carousel-->\n<\/section><\/section><\/div><\/div>\n<h2 style=\"text-align: center;\"><a href=\"http:\/\/www.diariwin.cat\/categories\/noticies\/\" target=\"_blank\" rel=\"noopener noreferrer\"><strong>Arxiu Diari Win 2012-2019<\/strong><\/a><\/h2>\n","protected":false},"excerpt":{"rendered":"<p>Arxiu Diari Win 2012-2019<\/p>\n","protected":false},"author":1,"featured_media":0,"parent":0,"menu_order":0,"comment_status":"closed","ping_status":"closed","template":"","meta":[],"_links":{"self":[{"href":"http:\/\/www.diariwin.cat\/temporada4\/wp-json\/wp\/v2\/pages\/1750"}],"collection":[{"href":"http:\/\/www.diariwin.cat\/temporada4\/wp-json\/wp\/v2\/pages"}],"about":[{"href":"http:\/\/www.diariwin.cat\/temporada4\/wp-json\/wp\/v2\/types\/page"}],"author":[{"embeddable":true,"href":"http:\/\/www.diariwin.cat\/temporada4\/wp-json\/wp\/v2\/users\/1"}],"replies":[{"embeddable":true,"href":"http:\/\/www.diariwin.cat\/temporada4\/wp-json\/wp\/v2\/comments?post=1750"}],"version-history":[{"count":4,"href":"http:\/\/www.diariwin.cat\/temporada4\/wp-json\/wp\/v2\/pages\/1750\/revisions"}],"predecessor-version":[{"id":27894,"href":"http:\/\/www.diariwin.cat\/temporada4\/wp-json\/wp\/v2\/pages\/1750\/revisions\/27894"}],"wp:attachment":[{"href":"http:\/\/www.diariwin.cat\/temporada4\/wp-json\/wp\/v2\/media?parent=1750"}],"curies":[{"name":"wp","href":"https:\/\/api.w.org\/{rel}","templated":true}]}}