{"id":979,"date":"2015-01-02T09:19:13","date_gmt":"2015-01-02T09:19:13","guid":{"rendered":"http:\/\/happykids.cwsthemes.com\/?page_id=979"},"modified":"2015-09-07T12:07:46","modified_gmt":"2015-09-07T12:07:46","slug":"home","status":"publish","type":"page","link":"http:\/\/www.diariwin.cat\/temporada4\/","title":{"rendered":"Home"},"content":{"rendered":"<div class='grid-row clearfix'><div class='grid-col grid-col-12'><section class='cws-widget'><section class='cws_widget_content'>\n<div class=\"recent_projects \"><h3 class=\"section-title\">Jocs<\/h3><div class=\"projects_carousel clearfix\" data-carousel-column=\"4\"><div class=\"iso-item\"><div class=\"content-wrapper\"><figure><a data-rel=\"prettyPhoto[rs_projects]\" class=\"prettyPhoto kids_picture\" href=\"http:\/\/www.diariwin.cat\/temporada4\/wp-content\/uploads\/2015\/09\/bonkersconkers.png\" title=\"Bonkers Conkers\"><img src='http:\/\/www.diariwin.cat\/temporada4\/wp-content\/uploads\/bfi_thumb\/bonkersconkers-37wtjymr20qg4edgsmhp8q.png' data-at2x='http:\/\/www.diariwin.cat\/temporada4\/wp-content\/uploads\/bfi_thumb\/bonkersconkers-37wtjymr20qg4edgsmhp8q@2x.png' alt=\"\" \/> <\/a><\/figure><\/div><div class=\"gallery-text\"><div class=\"title\">Bonkers Conkers<\/div><p>Aquest joc est\u00e0 inspirat en el popular \u201cAngry Birds\u201d, per\u00f2 en comptes ...<\/p><\/div><div><a href=\"http:\/\/www.diariwin.cat\/temporada4\/portfolio\/bonkers-conkers\/\" class=\"cws_button\">Juga<\/a><\/div><\/div><div class=\"iso-item\"><div class=\"content-wrapper\"><figure><a data-rel=\"prettyPhoto[rs_projects]\" class=\"prettyPhoto kids_picture\" href=\"http:\/\/www.diariwin.cat\/temporada4\/wp-content\/uploads\/2015\/09\/racceduca.png\" title=\"RACC Educa\"><img src='http:\/\/www.diariwin.cat\/temporada4\/wp-content\/uploads\/bfi_thumb\/racceduca-37wtjziey2grkqlkhosah6.png' data-at2x='http:\/\/www.diariwin.cat\/temporada4\/wp-content\/uploads\/bfi_thumb\/racceduca-37wtjziey2grkqlkhosah6@2x.png' alt=\"\" \/> <\/a><\/figure><\/div><div class=\"gallery-text\"><div class=\"title\">RACC Educa<\/div><p>Aquest joc est\u00e0 pensat per aprendre les idees b\u00e0siques que hem de tenir <\/p><\/div><div><a href=\"http:\/\/www.diariwin.cat\/temporada4\/portfolio\/racc-educa\/\" class=\"cws_button\">Juga<\/a><\/div><\/div><div class=\"iso-item\"><div class=\"content-wrapper\"><figure><a data-rel=\"prettyPhoto[rs_projects]\" class=\"prettyPhoto kids_picture\" href=\"http:\/\/www.diariwin.cat\/temporada4\/wp-content\/uploads\/2015\/09\/misionposible.png\" title=\"Misi\u00f3n Posible\"><img src='http:\/\/www.diariwin.cat\/temporada4\/wp-content\/uploads\/bfi_thumb\/misionposible-37wtjz9d9hee0n3tpyez9m.png' data-at2x='http:\/\/www.diariwin.cat\/temporada4\/wp-content\/uploads\/bfi_thumb\/misionposible-37wtjz9d9hee0n3tpyez9m@2x.png' alt=\"\" \/> <\/a><\/figure><\/div><div class=\"gallery-text\"><div class=\"title\">Misi\u00f3n Posible<\/div><p>Aquest joc ens ajuda a conscienciar-nos en la lluita contra el canvi clim\u00e0tic.<\/p><\/div><div><a href=\"http:\/\/www.diariwin.cat\/temporada4\/portfolio\/mision-posible\/\" class=\"cws_button\">Juga<\/a><\/div><\/div><div class=\"iso-item\"><div class=\"content-wrapper\"><figure><a data-rel=\"prettyPhoto[rs_projects]\" class=\"prettyPhoto kids_picture\" href=\"http:\/\/www.diariwin.cat\/temporada4\/wp-content\/uploads\/2015\/09\/accionporlaigualdad.png\" title=\"Acci\u00f3n por la Igualdad\"><img src='http:\/\/www.diariwin.cat\/temporada4\/wp-content\/uploads\/bfi_thumb\/accionporlaigualdad-37wtjyi87q79ccmlerb1my.png' data-at2x='http:\/\/www.diariwin.cat\/temporada4\/wp-content\/uploads\/bfi_thumb\/accionporlaigualdad-37wtjyi87q79ccmlerb1my@2x.png' alt=\"\" \/> <\/a><\/figure><\/div><div class=\"gallery-text\"><div class=\"title\">Acci\u00f3n por la Igualdad<\/div><p>A trav\u00e9s d\u2019aquest joc coneixer\u00e0s una mica millor qu\u00e8 \u00e9s la igualtat, <\/p><\/div><div><a href=\"http:\/\/www.diariwin.cat\/temporada4\/portfolio\/accion-por-la-igualdad\/\" class=\"cws_button\">Juga<\/a><\/div><\/div><div class=\"iso-item\"><div class=\"content-wrapper\"><figure><a data-rel=\"prettyPhoto[rs_projects]\" class=\"prettyPhoto kids_picture\" href=\"http:\/\/www.diariwin.cat\/temporada4\/wp-content\/uploads\/2015\/09\/the_last_door.png\" title=\"The Last Door\"><img src='http:\/\/www.diariwin.cat\/temporada4\/wp-content\/uploads\/bfi_thumb\/the_last_door-37wtjzrgmnj54u3b9f5loq.png' data-at2x='http:\/\/www.diariwin.cat\/temporada4\/wp-content\/uploads\/bfi_thumb\/the_last_door-37wtjzrgmnj54u3b9f5loq@2x.png' alt=\"\" \/> <\/a><\/figure><\/div><div class=\"gallery-text\"><div class=\"title\">The Last Door<\/div><p>A trav\u00e9s d\u2019aquest joc aprendr\u00e0s a pensar quina \u00e9s la millor opci\u00f3 que ...<\/p><\/div><div><a href=\"http:\/\/www.diariwin.cat\/temporada4\/portfolio\/the-last-door\/\" class=\"cws_button\">Juga<\/a><\/div><\/div><div class=\"iso-item\"><div class=\"content-wrapper\"><figure><a data-rel=\"prettyPhoto[rs_projects]\" class=\"prettyPhoto kids_picture\" href=\"http:\/\/www.diariwin.cat\/temporada4\/wp-content\/uploads\/2015\/09\/reporterodelaselva.png\" title=\"Reportero de la Selva\"><img src='http:\/\/www.diariwin.cat\/temporada4\/wp-content\/uploads\/bfi_thumb\/reporterodelaselva-37wtjziey2grkqlkhosah6.png' data-at2x='http:\/\/www.diariwin.cat\/temporada4\/wp-content\/uploads\/bfi_thumb\/reporterodelaselva-37wtjziey2grkqlkhosah6@2x.png' alt=\"\" \/> <\/a><\/figure><\/div><div class=\"gallery-text\"><div class=\"title\">Reportero de la Selva<\/div><p>Aquest joc est\u00e0 inspirat en la pel\u00b7l\u00edcula \u201cUp\u201d, i ens ajudar\u00e0 a <\/p><\/div><div><a href=\" http:\/\/www.diariwin.cat\/temporada4\/portfolio\/reportero-de-la-selva\/\" class=\"cws_button\">Juga<\/a><\/div><\/div><div class=\"iso-item\"><div class=\"content-wrapper\"><figure><a data-rel=\"prettyPhoto[rs_projects]\" class=\"prettyPhoto kids_picture\" href=\"http:\/\/www.diariwin.cat\/temporada4\/wp-content\/uploads\/2015\/09\/moufitxa.png\" title=\"Mou fitxa\"><img src='http:\/\/www.diariwin.cat\/temporada4\/wp-content\/uploads\/bfi_thumb\/moufitxa-37wtjz9d9hee0n3tpyez9m.png' data-at2x='http:\/\/www.diariwin.cat\/temporada4\/wp-content\/uploads\/bfi_thumb\/moufitxa-37wtjz9d9hee0n3tpyez9m@2x.png' alt=\"\" \/> <\/a><\/figure><\/div><div class=\"gallery-text\"><div class=\"title\">Mou fitxa<\/div><p>Es tracta d\u2019un videojoc que pret\u00e9n ensenyar els drets dels nens i nenes <\/p><\/div><div><a href=\"http:\/\/www.diariwin.cat\/temporada4\/portfolio\/mou-fitxa\/\" class=\"cws_button\">Juga<\/a><\/div><\/div><\/div><!--\/ .projects-carousel --><\/div><!--\/ .work-carousel-->\n<hr>\n<p>&nbsp;<\/p>\n<\/section><\/section><section class='cws-widget'><section class='cws_widget_content'>\n<div class=\"recent_projects \"><h3 class=\"section-title\">Not\u00edcies<\/h3><div class=\"projects_carousel blog clearfix\" data-carousel-column=\"2\"><div class=\"iso-item\"><div class=\"post-item\"><div class=\"post-meta\">\n\t\t\t\t\t<div class=\"post-date\">\n\t\t\t\t\t\t<span class=\"day\"> 1<\/span>\n\t\t\t\t\t\t<span class=\"month\">des..2022<\/span>\n\t\t\t\t\t<\/div><\/div><div class=\"post-entry\"><div class=\"content-wrapper alignleft\">\n\t\t\t\t\t<figure>\n\t\t\t\t\t\t<a data-rel=\"prettyPhoto[lt_posts]\" class=\"prettyPhoto kids_picture\" title=\"Nova pista de gel per Nadal al Tibidabo\" href=\"http:\/\/www.diariwin.cat\/temporada4\/wp-content\/uploads\/2022\/12\/pista-gel-tibidabo.jpg\"><img class=\"pic\" src='http:\/\/www.diariwin.cat\/temporada4\/wp-content\/uploads\/bfi_thumb\/pista-gel-tibidabo-3gxb7rsvt0a0chuqdmy6mi.jpg' data-at2x='http:\/\/www.diariwin.cat\/temporada4\/wp-content\/uploads\/bfi_thumb\/pista-gel-tibidabo-3gxb7rsvt0a0chuqdmy6mi@2x.jpg' alt=\"\" \/><\/a>\n\t\t\t\t\t<\/figure>\n\t\t\t\t<\/div><div class=\"entry\">\n\t\t\t\t\t\t\t\t<div class=\"post-title\">\n\t\t\t\t\t\t\t\t\t<a href=\"http:\/\/www.diariwin.cat\/temporada4\/2022\/12\/01\/nova-pista-de-gel-per-nadal-al-tibidabo\/\">Nova pista de gel per Nadal al Tibidabo<\/a>\n\t\t\t\t\t\t\t\t<\/div>El Parc d\u2019atraccions Tibidabo celebra Nadal amb una pista de gel oberta a tota la ciutadania. La pista s&#8217;ha instal\u00b7lat a la Pla\u00e7a dels Somnis i estar\u00e0 operativa del 26 de novembre al 5 de gener, ...<\/div>\n\t\t\t\t\t\t\t<\/div>\n\t\t\t\t<div class=\"post-footer\">\n\t\t\t\t\t<span class=\"l-float-right\"><a href=\"http:\/\/www.diariwin.cat\/temporada4\/2022\/12\/01\/nova-pista-de-gel-per-nadal-al-tibidabo\/\" class=\"more-link cws_button\">\n\t\t\t\t\tRead More<\/a><\/span><div class=\"post_cats\">\n\t\t\t\t\t\t<p><span>Category:<\/span><a class=\"link\" href=\"http:\/\/www.diariwin.cat\/temporada4\/category\/image\/\" title=\"View all posts in\">Image<\/a>, <a class=\"link\" href=\"http:\/\/www.diariwin.cat\/temporada4\/category\/mon\/\" title=\"View all posts in\">M\u00f3n<\/a><\/p>\n\t\t\t\t\t<\/div><div class=\"kids_clear\"><\/div><\/div><\/div><\/div><div class=\"iso-item\"><div class=\"post-item\"><div class=\"post-meta\">\n\t\t\t\t\t<div class=\"post-date\">\n\t\t\t\t\t\t<span class=\"day\"> 1<\/span>\n\t\t\t\t\t\t<span class=\"month\">des..2022<\/span>\n\t\t\t\t\t<\/div><\/div><div class=\"post-entry\"><div class=\"content-wrapper alignleft\">\n\t\t\t\t\t<figure>\n\t\t\t\t\t\t<a data-rel=\"prettyPhoto[lt_posts]\" class=\"prettyPhoto kids_picture\" title=\"Viu les &#8216;Vacances en fam\u00edlia&#8217; de la Generalitat\" href=\"http:\/\/www.diariwin.cat\/temporada4\/wp-content\/uploads\/2022\/12\/vacances-familia2023.png\"><img class=\"pic\" src='http:\/\/www.diariwin.cat\/temporada4\/wp-content\/uploads\/bfi_thumb\/vacances-familia2023-3gxb9i4h64nesk35faneoa.png' data-at2x='http:\/\/www.diariwin.cat\/temporada4\/wp-content\/uploads\/bfi_thumb\/vacances-familia2023-3gxb9i4h64nesk35faneoa@2x.png' alt=\"\" \/><\/a>\n\t\t\t\t\t<\/figure>\n\t\t\t\t<\/div><div class=\"entry\">\n\t\t\t\t\t\t\t\t<div class=\"post-title\">\n\t\t\t\t\t\t\t\t\t<a href=\"http:\/\/www.diariwin.cat\/temporada4\/2022\/12\/01\/viu-les-vacances-en-familia-de-la-generalitat\/\">Viu les &#8216;Vacances en fam\u00edlia&#8217; de la Generalitat<\/a>\n\t\t\t\t\t\t\t\t<\/div>L\u2019Ag\u00e8ncia Catalana de la Joventut (ACJ) ha obert aquesta setmana les preinscripcions del programa social \u2018Vacances en fam\u00edlia\u2019, que pel pr\u00f2xim any 2023 ofereix fins a 54.807 places corresponents a 10. ...<\/div>\n\t\t\t\t\t\t\t<\/div>\n\t\t\t\t<div class=\"post-footer\">\n\t\t\t\t\t<span class=\"l-float-right\"><a href=\"http:\/\/www.diariwin.cat\/temporada4\/2022\/12\/01\/viu-les-vacances-en-familia-de-la-generalitat\/\" class=\"more-link cws_button\">\n\t\t\t\t\tRead More<\/a><\/span><div class=\"post_cats\">\n\t\t\t\t\t\t<p><span>Category:<\/span><a class=\"link\" href=\"http:\/\/www.diariwin.cat\/temporada4\/category\/image\/\" title=\"View all posts in\">Image<\/a>, <a class=\"link\" href=\"http:\/\/www.diariwin.cat\/temporada4\/category\/mon\/\" title=\"View all posts in\">M\u00f3n<\/a><\/p>\n\t\t\t\t\t<\/div><div class=\"kids_clear\"><\/div><\/div><\/div><\/div><div class=\"iso-item\"><div class=\"post-item\"><div class=\"post-meta\">\n\t\t\t\t\t<div class=\"post-date\">\n\t\t\t\t\t\t<span class=\"day\"> 9<\/span>\n\t\t\t\t\t\t<span class=\"month\">maig.2022<\/span>\n\t\t\t\t\t<\/div><\/div><div class=\"post-entry\"><div class=\"content-wrapper alignleft\">\n\t\t\t\t\t<figure>\n\t\t\t\t\t\t<a data-rel=\"prettyPhoto[lt_posts]\" class=\"prettyPhoto kids_picture\" title=\"El Zoo estrena nou espai sobre els dragons de Komodo\" href=\"http:\/\/www.diariwin.cat\/temporada4\/wp-content\/uploads\/2022\/05\/dragons-komodo-zoobarcelona-scaled.jpg\"><img class=\"pic\" src='http:\/\/www.diariwin.cat\/temporada4\/wp-content\/uploads\/bfi_thumb\/dragons-komodo-zoobarcelona-scaled-3fl86u1kki95dl795fnf9m.jpg' data-at2x='http:\/\/www.diariwin.cat\/temporada4\/wp-content\/uploads\/bfi_thumb\/dragons-komodo-zoobarcelona-scaled-3fl86u1kki95dl795fnf9m@2x.jpg' alt=\"\" \/><\/a>\n\t\t\t\t\t<\/figure>\n\t\t\t\t<\/div><div class=\"entry\">\n\t\t\t\t\t\t\t\t<div class=\"post-title\">\n\t\t\t\t\t\t\t\t\t<a href=\"http:\/\/www.diariwin.cat\/temporada4\/2022\/05\/09\/el-zoo-de-barcelona-estrena-el-centre-de-descoberta-sobre-els-dragons-de-komodo-%ef%bf%bc\/\">El Zoo estrena nou espai sobre els dragons de Komodo<\/a>\n\t\t\t\t\t\t\t\t<\/div>El Zoo de Barcelona inaugura el nou Centre de Descoberta Terra de Dragons. L&#8217;objectiu de l&#8217;espai \u00e9s oferir als visitants una experi\u00e8ncia immersiva que els permeti descobrir de primera m\u00e0 l ...<\/div>\n\t\t\t\t\t\t\t<\/div>\n\t\t\t\t<div class=\"post-footer\">\n\t\t\t\t\t<span class=\"l-float-right\"><a href=\"http:\/\/www.diariwin.cat\/temporada4\/2022\/05\/09\/el-zoo-de-barcelona-estrena-el-centre-de-descoberta-sobre-els-dragons-de-komodo-%ef%bf%bc\/\" class=\"more-link cws_button\">\n\t\t\t\t\tRead More<\/a><\/span><div class=\"post_cats\">\n\t\t\t\t\t\t<p><span>Category:<\/span><a class=\"link\" href=\"http:\/\/www.diariwin.cat\/temporada4\/category\/animals\/\" title=\"View all posts in\">Animals<\/a>, <a class=\"link\" href=\"http:\/\/www.diariwin.cat\/temporada4\/category\/image\/\" title=\"View all posts in\">Image<\/a><\/p>\n\t\t\t\t\t<\/div><div class=\"kids_clear\"><\/div><\/div><\/div><\/div><div class=\"iso-item\"><div class=\"post-item\"><div class=\"post-meta\">\n\t\t\t\t\t<div class=\"post-date\">\n\t\t\t\t\t\t<span class=\"day\"> 2<\/span>\n\t\t\t\t\t\t<span class=\"month\">jul..2020<\/span>\n\t\t\t\t\t<\/div><\/div><div class=\"post-entry\"><div class=\"content-wrapper alignleft\">\n\t\t\t\t\t<figure>\n\t\t\t\t\t\t<a data-rel=\"prettyPhoto[lt_posts]\" class=\"prettyPhoto kids_picture\" title=\"El Zoo reintrodueix m\u00e9s de 200 peixos al Delta del Llobregat\" href=\"http:\/\/www.diariwin.cat\/temporada4\/wp-content\/uploads\/2020\/07\/fartet-deltallobregat-.jpg\"><img class=\"pic\" src='http:\/\/www.diariwin.cat\/temporada4\/wp-content\/uploads\/bfi_thumb\/fartet-deltallobregat--3b7xfn0dy87nxw8688xudm.jpg' data-at2x='http:\/\/www.diariwin.cat\/temporada4\/wp-content\/uploads\/bfi_thumb\/fartet-deltallobregat--3b7xfn0dy87nxw8688xudm@2x.jpg' alt=\"\" \/><\/a>\n\t\t\t\t\t<\/figure>\n\t\t\t\t<\/div><div class=\"entry\">\n\t\t\t\t\t\t\t\t<div class=\"post-title\">\n\t\t\t\t\t\t\t\t\t<a href=\"http:\/\/www.diariwin.cat\/temporada4\/2020\/07\/02\/el-zoo-reintrodueix-mes-de-200-peixos-al-delta-del-llobregat\/\">El Zoo reintrodueix m\u00e9s de 200 peixos al Delta del Llobregat<\/a>\n\t\t\t\t\t\t\t\t<\/div>Aquest dilluns 29 de juny el Zoo de Barcelona va reintroduir 267 fartets al seu h\u00e0bitat natural (l'h\u00e0bitat \u00e9s el lloc normal on viu un animal) del Delta del Llobregat. El fartet \u00e9s una esp\u00e8cie de peix ...<\/div>\n\t\t\t\t\t\t\t<\/div>\n\t\t\t\t<div class=\"post-footer\">\n\t\t\t\t\t<span class=\"l-float-right\"><a href=\"http:\/\/www.diariwin.cat\/temporada4\/2020\/07\/02\/el-zoo-reintrodueix-mes-de-200-peixos-al-delta-del-llobregat\/\" class=\"more-link cws_button\">\n\t\t\t\t\tRead More<\/a><\/span><div class=\"post_cats\">\n\t\t\t\t\t\t<p><span>Category:<\/span><a class=\"link\" href=\"http:\/\/www.diariwin.cat\/temporada4\/category\/animals\/\" title=\"View all posts in\">Animals<\/a>, <a class=\"link\" href=\"http:\/\/www.diariwin.cat\/temporada4\/category\/image\/\" title=\"View all posts in\">Image<\/a><\/p>\n\t\t\t\t\t<\/div><div class=\"kids_clear\"><\/div><\/div><\/div><\/div><\/div><!--\/ .projects-carousel --><\/div><!--\/ .work-carousel-->\n<hr>\n<\/section><\/section><\/div><\/div><div class='grid-row clearfix'><div class='grid-col grid-col-12'><section class='cws-widget'><div class='widget-title'>Qu\u00e8 \u00e9s el Diari Win?<\/div><section class='cws_widget_content'>\n<p><a href=\"http:\/\/www.diariwin.cat\/temporada4\/wp-content\/uploads\/2015\/09\/logo_diariwin.png\"><img loading=\"lazy\" class=\"alignleft wp-image-1512 size-thumbnail\" src=\"http:\/\/www.diariwin.cat\/temporada4\/wp-content\/uploads\/2015\/09\/logo_diariwin-150x150.png\" alt=\"\" width=\"150\" height=\"150\" srcset=\"http:\/\/www.diariwin.cat\/temporada4\/wp-content\/uploads\/2015\/09\/logo_diariwin-150x150.png 150w, http:\/\/www.diariwin.cat\/temporada4\/wp-content\/uploads\/2015\/09\/logo_diariwin-300x300.png 300w, http:\/\/www.diariwin.cat\/temporada4\/wp-content\/uploads\/2015\/09\/logo_diariwin-1024x1024.png 1024w\" sizes=\"(max-width: 150px) 100vw, 150px\" \/><\/a>\u00c9s un<strong> diari digital familiar<\/strong> dirigit a persones d\u2019una edat entre els 8 i els 12 anys&nbsp;amb<strong>&nbsp;not\u00edcies d&#8217;actualitat&nbsp;i videojocs.<\/strong><\/p>\n<p><strong>Per qu\u00e8 un diari dirigit a gent de 8 a 12 anys?<\/strong>&nbsp;Per qu\u00e8 aquest col\u00b7lectiu tamb\u00e9 t\u00e9 dret a ser informat amb un mitj\u00e0 que l\u2019entengui i parli el seu llenguatge.<\/p>\n<p><strong>\u00c9s l\u2019\u00fanic diari digital que hi ha?&nbsp;<\/strong>&nbsp;Som l\u2019\u00fanic diari digital familiar dirigit al p\u00fablic infantil i juvenil a casa nostra.<\/p>\n<p><strong>En quins diaris s\u2019inspira, doncs?<\/strong>&nbsp;Les seves refer\u00e8ncies s\u00f3n els dos informatius infantils i juvenils m\u00e9s antics del m\u00f3n, el Newsround de la BBC i el Behind The News, de l\u2019Australian Brodcasting Corporation. Tamb\u00e9, l&#8217;edici\u00f3 familiar de la revista Time.<\/p>\n<p><strong>Qu\u00e8 podem fer en aquest diari?<\/strong><\/p>\n<\/section><\/section><\/div><\/div><div class='grid-row clearfix' style='margin-top:0px;'><div class='grid-col grid-col-4'><section class='cws-widget'><section class='cws_widget_content'>\n<ul>\n<li><u>Llegir not\u00edcies<\/u><\/li>\n<li><span style=\"text-decoration: underline;\">Jugar a jocs<\/span><\/li>\n<li><u>Veure v\u00eddeos<\/u><\/li>\n<\/ul>\n<\/section><\/section><\/div><div class='grid-col grid-col-4'><section class='cws-widget'><section class='cws_widget_content'>\n<ul>\n<li><span style=\"text-decoration: underline;\">Participar a concursos<\/span><\/li>\n<li><span style=\"text-decoration: underline;\">Llegir contes i c\u00f2mics<\/span><\/li>\n<li><u>Descobrir espectacles<\/u><\/li>\n<\/ul>\n<\/section><\/section><\/div><div class='grid-col grid-col-4'><section class='cws-widget'><section class='cws_widget_content'>\n<ul>\n<li><span style=\"text-decoration: underline;\">Veure fotos<\/span><\/li>\n<li><span style=\"text-decoration: underline;\">Llegir entrevistes<\/span><\/li>\n<li><span style=\"text-decoration: underline;\">Escriure i comentar not\u00edcies<\/span><\/li>\n<\/ul>\n<\/section><\/section><\/div><\/div><div class='grid-row clearfix' style='margin-top:0px;margin-bottom:0px;'><div class='grid-col grid-col-12'><section class='cws-widget'><section class='cws_widget_content'>\n<hr>\n<p>&nbsp;<\/p>\n<\/section><\/section><\/div><\/div><div class='grid-row clearfix'><div class='grid-col grid-col-4'><section class='cws-widget'><section class='cws_widget_content'>\n<div class='shortcode_carousel' data-carousel-column=1><div class='carousel_header clearfix'><div class='widget-title'>Testimonis<\/div><\/div><div class='carousel_content'>\n<ul>\n<li>\t<div class=\"testimonial clearfix\">\n\t\t<div>\n\t\t\t<img src='http:\/\/www.diariwin.cat\/temporada4\/wp-content\/uploads\/bfi_thumb\/lluisgavalda-37wtjz0bc3rprwxi9x58n4.jpg' data-at2x='http:\/\/www.diariwin.cat\/temporada4\/wp-content\/uploads\/bfi_thumb\/lluisgavalda-37wtjz0bc3rprwxi9x58n4@2x.jpg' alt \/>\t\t\t<p>\n\t\t\t\t\u201cTrobo que \u00e9s una idea molt v\u00e0lida. Els nens tenen una curiositat infinita i a vegades tenim una tend\u00e8ncia, mal entesa, d\u2019amagar-los-hi la realitat.I un nen ha de saber el que passa. Amb un llenguatge que sigui entenedor, per\u00f2 han de saber el que passa al seu voltant.\u00c9s la millor manera de formar-los\u201d\t\t\t<\/p>\n\t\t<\/div>\n\t\t<div class=\"author\">\n\t\t\tLlu\u00eds Gavald\u00e0\t\t<\/div>\n\t<\/div>\n\t&nbsp;\t<div class=\"testimonial clearfix\">\n\t\t<div>\n\t\t\t<img src='http:\/\/www.diariwin.cat\/temporada4\/wp-content\/uploads\/bfi_thumb\/rusqui1-37wtjzmxjkfno5nv792io0.jpg' data-at2x='http:\/\/www.diariwin.cat\/temporada4\/wp-content\/uploads\/bfi_thumb\/rusqui1-37wtjzmxjkfno5nv792io0@2x.jpg' alt \/>\t\t\t<p>\n\t\t\t\t\u201cEm sembla fant\u00e0stic perqu\u00e8 la canalla est\u00e0 tan interessada en internet com pel menjar. Hi ha canalla petita, gaireb\u00e9 nadons, que es queden embadalits davant de la televisi\u00f3 veient com fan una recepta\u2026com si veiessin dibuixos animats! Els nens s\u00f3n gourmets.\u201d\t\t\t<\/p>\n\t\t<\/div>\n\t\t<div class=\"author\">\n\t\t\tCarme Ruscalleda\t\t<\/div>\n\t<\/div>\n\t&nbsp;<\/li>\n<li>\t<div class=\"testimonial clearfix\">\n\t\t<div>\n\t\t\t<img src='http:\/\/www.diariwin.cat\/temporada4\/wp-content\/uploads\/bfi_thumb\/mariusserra2013-37wtjz4u6eawjyodnsbw8w.png' data-at2x='http:\/\/www.diariwin.cat\/temporada4\/wp-content\/uploads\/bfi_thumb\/mariusserra2013-37wtjz4u6eawjyodnsbw8w@2x.png' alt \/>\t\t\t<p>\n\t\t\t\t\u201cEm sembla b\u00e9. Crec que \u00e9s un encert associar el mitj\u00e0 digital amb la interacci\u00f3. Si a m\u00e9s li sumes que tota la canalla s\u00f3n ja nadius digitals (que des de ben petits ja s\u2019acostumen a conviure amb la inform\u00e0tica) i desenvoluparan la lectura a trav\u00e9s de la xarxa, em sembla una idea molt raonable, us desitjo sort.\u201d\t\t\t<\/p>\n\t\t<\/div>\n\t\t<div class=\"author\">\n\t\t\tM\u00e0rius Serra\t\t<\/div>\n\t<\/div>\n\t\t<div class=\"testimonial clearfix\">\n\t\t<div>\n\t\t\t<img src='http:\/\/www.diariwin.cat\/temporada4\/wp-content\/uploads\/bfi_thumb\/pepa_plana2013-37wtjzdvuzda4264fip7gg.png' data-at2x='http:\/\/www.diariwin.cat\/temporada4\/wp-content\/uploads\/bfi_thumb\/pepa_plana2013-37wtjzdvuzda4264fip7gg@2x.png' alt \/>\t\t\t<p>\n\t\t\t\t\u201cEm sembla divertit! Les not\u00edcies no sempre s\u00f3n divertides i la realitat no sempre \u00e9s xula, per tant, \u00e9s interessant que els nens es comencin a interessar pel que passa al teu voltant. Fins i tot, afegiria que estaria b\u00e9 que aquest diari de not\u00edcies el lleg\u00edssim els adults. Segurament, entendr\u00edem moltes m\u00e9s coses si pogu\u00e9ssim rellegir-les amb ulls de nen. Per tant, em sembla molt xulo! \u00c9s interessar-te pel m\u00f3n i compartir les not\u00edcies amb els teus pares i que els teus pares aprenguin amb tu com es llegeixen les not\u00edcies.\u201d\t\t\t<\/p>\n\t\t<\/div>\n\t\t<div class=\"author\">\n\t\t\tPepa Plana\t\t<\/div>\n\t<\/div>\n\t<\/li>\n<li>\t<div class=\"testimonial clearfix\">\n\t\t<div>\n\t\t\t<img src='http:\/\/www.diariwin.cat\/temporada4\/wp-content\/uploads\/bfi_thumb\/tera1-295x188-37wtjzmxjkfno5nv792io0.jpg' data-at2x='http:\/\/www.diariwin.cat\/temporada4\/wp-content\/uploads\/bfi_thumb\/tera1-295x188-37wtjzmxjkfno5nv792io0@2x.jpg' alt \/>\t\t\t<p>\n\t\t\t\t\u201cSuperb\u00e9 perqu\u00e8 \u00e9s una manera de fer que la mainada s\u2019engresqui i participi amb les noves tecnologies. Ara tot es mou a trav\u00e9s de l\u2019ordinador i tant aviat com els joves s\u2019hi familiaritzin i aprenguin a navegar, millor els anir\u00e0.\u201d\t\t\t<\/p>\n\t\t<\/div>\n\t\t<div class=\"author\">\n\t\t\tTer\u00e0pia de Shock\t\t<\/div>\n\t<\/div>\n\t\t<div class=\"testimonial clearfix\">\n\t\t<div>\n\t\t\t<img src='http:\/\/www.diariwin.cat\/temporada4\/wp-content\/uploads\/bfi_thumb\/roger1-37wtjzmxjkfno5nv792io0.jpg' data-at2x='http:\/\/www.diariwin.cat\/temporada4\/wp-content\/uploads\/bfi_thumb\/roger1-37wtjzmxjkfno5nv792io0@2x.jpg' alt \/>\t\t\t<p>\n\t\t\t\t\u201cI tant, els mitjans de comunicaci\u00f3 s\u00f3n \u201csuperimportants\u201d perqu\u00e8 estan presents a totes les cases i fer una informaci\u00f3 de qualitat dirigida als nens \u00e9s b\u00e0sic.\u201d\t\t\t<\/p>\n\t\t<\/div>\n\t\t<div class=\"author\">\n\t\t\tRoger Roca\t\t<\/div>\n\t<\/div>\n\t<\/li>\n<li>\t<div class=\"testimonial clearfix\">\n\t\t<div>\n\t\t\t<img src='http:\/\/www.diariwin.cat\/temporada4\/wp-content\/uploads\/bfi_thumb\/annamoliner1-37wtjyi7yxmynpy0qgem80.png' data-at2x='http:\/\/www.diariwin.cat\/temporada4\/wp-content\/uploads\/bfi_thumb\/annamoliner1-37wtjyi7yxmynpy0qgem80@2x.png' alt \/>\t\t\t<p>\n\t\t\t\t\u201cEm sembla fant\u00e0stic! Tot el que vagi destinat a despertar la curiositat i el coneixement dels joves \u00e9s una idea meravellosa.\u201d\t\t\t<\/p>\n\t\t<\/div>\n\t\t<div class=\"author\">\n\t\t\tAnna Moliner\t\t<\/div>\n\t<\/div>\n\t\t<div class=\"testimonial clearfix\">\n\t\t<div>\n\t\t\t<img src='http:\/\/www.diariwin.cat\/temporada4\/wp-content\/uploads\/bfi_thumb\/agnesbusquets34-295x196-37wtjyi7yxmynpy0qgem80.jpg' data-at2x='http:\/\/www.diariwin.cat\/temporada4\/wp-content\/uploads\/bfi_thumb\/agnesbusquets34-295x196-37wtjyi7yxmynpy0qgem80@2x.jpg' alt \/>\t\t\t<p>\n\t\t\t\t\u201cVoldria felicitar al Diari Win per existir perqu\u00e8 em sembla una gran idea que vosaltres els adolescents, preadolescents, nens i nenes estigueu informats del que passa al m\u00f3n per qu\u00e8, si els vostres pares ho saben, per qu\u00e8 no ho heu de saber vosaltres? Sou els primers que heu de saber com funciona tot aix\u00f2.\u201d\t\t\t<\/p>\n\t\t<\/div>\n\t\t<div class=\"author\">\n\t\t\tAgn\u00e8s Busquets\t\t<\/div>\n\t<\/div>\n\t<\/li>\n<li>\t<div class=\"testimonial clearfix\">\n\t\t<div>\n\t\t\t<img src='http:\/\/www.diariwin.cat\/temporada4\/wp-content\/uploads\/bfi_thumb\/ramoncin324-273x205-37wtjziep9wgw3wztdvv28.png' data-at2x='http:\/\/www.diariwin.cat\/temporada4\/wp-content\/uploads\/bfi_thumb\/ramoncin324-273x205-37wtjziep9wgw3wztdvv28@2x.png' alt \/>\t\t\t<p>\n\t\t\t\t\u201c\u00c9s molt raonable que comenci a haver un nou pensament i mitjans nous que el que vulguin sigui, si no educar, almenys ajudar a l\u2019educaci\u00f3 dels ciutadans. Aix\u00f2 \u00e9s un deure que t\u00e9 un mitj\u00e0 de comunicaci\u00f3.\u201d\t\t\t<\/p>\n\t\t<\/div>\n\t\t<div class=\"author\">\n\t\t\tRamonc\u00edn\t\t<\/div>\n\t<\/div>\n\t\t<div class=\"testimonial clearfix\">\n\t\t<div>\n\t\t\t<img src='http:\/\/www.diariwin.cat\/temporada4\/wp-content\/uploads\/bfi_thumb\/mamenduch-273x205-37wtjz0bc3rprwxi9x58n4.png' data-at2x='http:\/\/www.diariwin.cat\/temporada4\/wp-content\/uploads\/bfi_thumb\/mamenduch-273x205-37wtjz0bc3rprwxi9x58n4@2x.png' alt \/>\t\t\t<p>\n\t\t\t\t\u201cEm sembla una gran idea fer una barreja d\u2019informaci\u00f3 i jocs. Perqu\u00e8 la informaci\u00f3 crec que entrar\u00e0 molt millor a trav\u00e9s del joc. \u00c9s com el que fem amb el ioga. A trav\u00e9s del joc entren les postures, les respiracions, la relaxaci\u00f3 i la concentraci\u00f3.Per\u00f2 sempre, sempre, s\u2019ho han de passar b\u00e9 els nens! Jugar i aprendre.\u201d\t\t\t<\/p>\n\t\t<\/div>\n\t\t<div class=\"author\">\n\t\t\tMamen Duch\t\t<\/div>\n\t<\/div>\n\t<\/li>\n<li>\t<div class=\"testimonial clearfix\">\n\t\t<div>\n\t\t\t<img src='http:\/\/www.diariwin.cat\/temporada4\/wp-content\/uploads\/bfi_thumb\/quartprimera101-273x205-37wtjzdvuzda4264fip7gg.jpg' data-at2x='http:\/\/www.diariwin.cat\/temporada4\/wp-content\/uploads\/bfi_thumb\/quartprimera101-273x205-37wtjzdvuzda4264fip7gg@2x.jpg' alt \/>\t\t\t<p>\n\t\t\t\t\u201cD\u2019entrada em sembla fant\u00e0stic perqu\u00e8 hi ha moltes coses dedicades al lleure dels petits per\u00f2 potser no n\u2019hi ha que estiguin vinculades a la informaci\u00f3 i l\u2019actualitat, i que a m\u00e9s aix\u00f2 es combini amb la diversi\u00f3 dels jocs. D\u2019alguna manera sembla que separem molt el m\u00f3n de les criatures i el dels adults quan en realitat les persones no deixem d\u2019evolucionar des que som nens. Perqu\u00e8 no hi pot haver un mitj\u00e0 que des de petits els mostri qu\u00e8 est\u00e0 passant al m\u00f3n? Cal aconseguir que els joves es familiaritzin amb els diaris i aix\u00ed evitar que coneguin qu\u00e8 \u00e9s la realitat de sobte quan arriben a l\u2019edat adolescent.\u201d\t\t\t<\/p>\n\t\t<\/div>\n\t\t<div class=\"author\">\n\t\t\tPere Jou\t\t<\/div>\n\t<\/div>\n\t\t<div class=\"testimonial clearfix\">\n\t\t<div>\n\t\t\t<img src='http:\/\/www.diariwin.cat\/temporada4\/wp-content\/uploads\/bfi_thumb\/ainaclotet2013-37wtjyi7yxmynpy0qgem80.jpg' data-at2x='http:\/\/www.diariwin.cat\/temporada4\/wp-content\/uploads\/bfi_thumb\/ainaclotet2013-37wtjyi7yxmynpy0qgem80@2x.jpg' alt \/>\t\t\t<p>\n\t\t\t\t\u201cCrec que la iniciativa del Diari Win de fer aquesta p\u00e0gina on els nens poden participar i sentir-se que tamb\u00e9 formen part del periodisme i l\u2019actualitat \u00e9s molt important perqu\u00e8 la societat la fem entre tots i com m\u00e9s participem i intentem col\u00b7laborar amb les coses, millor funcionar\u00e0.\u201d\t\t\t<\/p>\n\t\t<\/div>\n\t\t<div class=\"author\">\n\t\t\tAina Clotet\t\t<\/div>\n\t<\/div>\n\t<\/li>\n<li>\t<div class=\"testimonial clearfix\">\n\t\t<div>\n\t\t\t<img src='http:\/\/www.diariwin.cat\/temporada4\/wp-content\/uploads\/bfi_thumb\/pilarinbayes010712-295x196-37wtjzdvuzda4264fip7gg.jpg' data-at2x='http:\/\/www.diariwin.cat\/temporada4\/wp-content\/uploads\/bfi_thumb\/pilarinbayes010712-295x196-37wtjzdvuzda4264fip7gg@2x.jpg' alt \/>\t\t\t<p>\n\t\t\t\t\u201cEm sembla formidable perqu\u00e8, encara que jo no s\u00e0piga ni obrir l\u2019ordinador, s\u00e9 que ara molta gent llegeix abans un diari digital que en paper. Per aix\u00f2, que els joves tinguin una eina que a banda de fer-los jugar els expliqui coses de l\u2019actualitat, els ajudar\u00e0 molt\u00edssim. Igual que hi ha revistes o pel\u00b7l\u00edcules fetes per a nens, \u00e9s important que tamb\u00e9 tinguin el seu diari.\u201d\t\t\t<\/p>\n\t\t<\/div>\n\t\t<div class=\"author\">\n\t\t\tPilar\u00edn Bay\u00e9s\t\t<\/div>\n\t<\/div>\n\t\t<div class=\"testimonial clearfix\">\n\t\t<div>\n\t\t\t<img src='http:\/\/www.diariwin.cat\/temporada4\/wp-content\/uploads\/bfi_thumb\/lari14-37wtjz0bc3rprwxi9x58n4.jpg' data-at2x='http:\/\/www.diariwin.cat\/temporada4\/wp-content\/uploads\/bfi_thumb\/lari14-37wtjz0bc3rprwxi9x58n4@2x.jpg' alt \/>\t\t\t<p>\n\t\t\t\t\u201cClar que s\u00ed, considero que \u00e9s molt important que els nens tingueu informaci\u00f3 adaptada a la vostra edat perqu\u00e8 la vostra vida \u00e9s molt diferent del m\u00f3n adult.\u201d\t\t\t<\/p>\n\t\t<\/div>\n\t\t<div class=\"author\">\n\t\t\tJosep Maria Lari Viaplana\t\t<\/div>\n\t<\/div>\n\t<\/li>\n<li>\t<div class=\"testimonial clearfix\">\n\t\t<div>\n\t\t\t<img src='http:\/\/www.diariwin.cat\/temporada4\/wp-content\/uploads\/bfi_thumb\/oriol_puig-37wtjz9d0ou3c0f91nijuo.jpg' data-at2x='http:\/\/www.diariwin.cat\/temporada4\/wp-content\/uploads\/bfi_thumb\/oriol_puig-37wtjz9d0ou3c0f91nijuo@2x.jpg' alt \/>\t\t\t<p>\n\t\t\t\t&#8220;Ho trobo fant\u00e0stic perqu\u00e8 realment a trav\u00e9s del joc tots ens ho passem molt m\u00e9s b\u00e9 i si ens ho passem b\u00e9 aprenem m\u00e9s. Nosaltres al programa utilitzem la mateixa estrat\u00e8gia i penso que funciona fant\u00e0sticament b\u00e9.&#8221;\t\t\t<\/p>\n\t\t<\/div>\n\t\t<div class=\"author\">\n\t\t\tOriol Puig\t\t<\/div>\n\t<\/div>\n\t\t<div class=\"testimonial clearfix\">\n\t\t<div>\n\t\t\t<img src='http:\/\/www.diariwin.cat\/temporada4\/wp-content\/uploads\/bfi_thumb\/araceli-37wtjx4gpprw36qfhxdekg.jpg' data-at2x='http:\/\/www.diariwin.cat\/temporada4\/wp-content\/uploads\/bfi_thumb\/araceli-37wtjx4gpprw36qfhxdekg@2x.jpg' alt \/>\t\t\t<p>\n\t\t\t\t\u201cTrobo que el vostre diari \u00e9s una idea fant\u00e0stica per apropar als nens a lectura i a l\u2019actualitat per aconseguir que estiguin sempre connectats. Felicitats, perqu\u00e8 \u00e9s molt bona idea!\u201d\t\t\t<\/p>\n\t\t<\/div>\n\t\t<div class=\"author\">\n\t\t\tAraceli Segarra\t\t<\/div>\n\t<\/div>\n\t<\/li>\n<li>\t<div class=\"testimonial clearfix\">\n\t\t<div>\n\t\t\t<img src='http:\/\/www.diariwin.cat\/temporada4\/wp-content\/uploads\/bfi_thumb\/carlespuyolcrackovia010712-295x196-37wtjx8zk0b2v8havsk268.jpg' data-at2x='http:\/\/www.diariwin.cat\/temporada4\/wp-content\/uploads\/bfi_thumb\/carlespuyolcrackovia010712-295x196-37wtjx8zk0b2v8havsk268@2x.jpg' alt \/>\t\t\t<p>\n\t\t\t\t\u201cEm sembla una idea fant\u00e0stica. \u00c9s molt important que els nens convisquin amb les noves tecnologies.\u201d\t\t\t<\/p>\n\t\t<\/div>\n\t\t<div class=\"author\">\n\t\t\tJordi R\u00edos\t\t<\/div>\n\t<\/div>\n\t\t<div class=\"testimonial clearfix\">\n\t\t<div>\n\t\t\t<img src='http:\/\/www.diariwin.cat\/temporada4\/wp-content\/uploads\/bfi_thumb\/elsamicsdelesarts-1-37wtjxdieau9na869nqps0.jpg' data-at2x='http:\/\/www.diariwin.cat\/temporada4\/wp-content\/uploads\/bfi_thumb\/elsamicsdelesarts-1-37wtjxdieau9na869nqps0@2x.jpg' alt \/>\t\t\t<p>\n\t\t\t\tFerran Piqu\u00e9: \u201ctenint en compte que els nens sempre volen ser com els grans, \u00e9s l\u00f2gic que hi hagi un mitj\u00e0 de comunicaci\u00f3 que ofereixi all\u00f2 que sempre miren els adults: les not\u00edcies.<br \/>\u00c9s important explicar com va el m\u00f3n i qu\u00e8 passa en ell i explicar la realitat amb menys tecnicismes&#8221;.\t\t\t<\/p>\n\t\t<\/div>\n\t\t<div class=\"author\">\n\t\t\tEls Amics de les Arts\t\t<\/div>\n\t<\/div>\n\t<\/li>\n<li>\t<div class=\"testimonial clearfix\">\n\t\t<div>\n\t\t\t<img src='http:\/\/www.diariwin.cat\/temporada4\/wp-content\/uploads\/bfi_thumb\/lolacasasdiariwin-1-37wtjxmk2vwn7dpx1e40zk.jpg' data-at2x='http:\/\/www.diariwin.cat\/temporada4\/wp-content\/uploads\/bfi_thumb\/lolacasasdiariwin-1-37wtjxmk2vwn7dpx1e40zk@2x.jpg' alt \/>\t\t\t<p>\n\t\t\t\t\u201cPenso que \u00e9s necessari que existeixi un mitj\u00e0 d\u2019aquest tipus i tamb\u00e9 \u00e9s just. Perqu\u00e8 els grans ho tenen i els nens no. I a m\u00e9s a m\u00e9s, ara que cada vegada els nens es connecten cada vegada m\u00e9s a Internet han de tenir mitjans que siguin solvents. I un mitj\u00e0 d\u2019aquest tipus segur que ho ser\u00e0.\u201d\t\t\t<\/p>\n\t\t<\/div>\n\t\t<div class=\"author\">\n\t\t\tLola Casas\t\t<\/div>\n\t<\/div>\n\t\t<div class=\"testimonial clearfix\">\n\t\t<div>\n\t\t\t<img src='http:\/\/www.diariwin.cat\/temporada4\/wp-content\/uploads\/bfi_thumb\/joseppalau563-37wtjxi18ldgfbz1nixdds.png' data-at2x='http:\/\/www.diariwin.cat\/temporada4\/wp-content\/uploads\/bfi_thumb\/joseppalau563-37wtjxi18ldgfbz1nixdds@2x.png' alt \/>\t\t\t<p>\n\t\t\t\t\u201cCrec que \u00e9s una iniciativa que est\u00e0 molt b\u00e9 perqu\u00e8 el que hem d\u2019aconseguir \u00e9s crear aquesta inquietud i que la gent vulgui con\u00e8ixer qu\u00e8 passa al seu voltant. Encara que alg\u00fa digui que un determinat tema no li interessa, li afecta. El que hem d\u2019aconseguir \u00e9s despertar aquesta inquietud per crear la necessitat de llegir la premsa, etc. I el Diari Win \u00e9s una iniciativa fant\u00e0stica per comen\u00e7ar a llegir-la.\u201d\t\t\t<\/p>\n\t\t<\/div>\n\t\t<div class=\"author\">\n\t\t\tJosep Palau\t\t<\/div>\n\t<\/div>\n\t<\/li>\n<\/ul>\n<\/div><\/div>\n<\/section><\/section><\/div><div class='grid-col grid-col-4'><section class='cws-widget'><section class='cws_widget_content'>\n<div class=\"recent_projects \"><h3 class=\"section-title\">Fotos<\/h3><div class=\"projects_carousel clearfix\" data-carousel-column=\"1\"><div class=\"iso-item\"><div class=\"content-wrapper\"><figure><a data-rel=\"prettyPhoto[rs_projects]\" class=\"prettyPhoto kids_picture\" href=\"http:\/\/www.diariwin.cat\/temporada4\/wp-content\/uploads\/2015\/09\/pakistan_.png\" title=\"Foto 2 Galeria\"><img  src='http:\/\/www.diariwin.cat\/temporada4\/wp-content\/uploads\/bfi_thumb\/pakistan_-37wtjz9eq8s64f79rrtjpm.png' data-no-retina alt=\"\" \/> <\/a><\/figure><\/div><\/div><div class=\"iso-item\"><div class=\"content-wrapper\"><figure><a data-rel=\"prettyPhoto[rs_projects]\" class=\"prettyPhoto kids_picture\" href=\"http:\/\/www.diariwin.cat\/temporada4\/wp-content\/uploads\/2015\/06\/alcalde_corrupto.png\" title=\"Foto 1 Galeria\"><img  src='http:\/\/www.diariwin.cat\/temporada4\/wp-content\/uploads\/bfi_thumb\/alcalde_corrupto-37wtjydqu71uo2z62piyh6.png' data-no-retina alt=\"\" \/> <\/a><\/figure><\/div><\/div><\/div><!--\/ .projects-carousel --><\/div><!--\/ .work-carousel-->\n<\/section><\/section><\/div><div class='grid-col grid-col-4'><section class='cws-widget'><section class='cws_widget_content'>\n<div class=\"single_bar with_title\"><div class=\"title\">Usuaris Registrats:&nbsp;477<\/div><div class=\"scale\"><div class=\"progress\" data-value=\"19\" style=\"background-color:#ffdb5e;\"><\/div><\/div><\/div>\n<div class=\"single_bar with_title\"><div class=\"title\">Not&iacute;cies publicades: 3.072<\/div><div class=\"scale\"><div class=\"progress\" data-value=\"39\" style=\"background-color:#f2a1b0;\"><\/div><\/div><\/div>\n<div class=\"single_bar with_title\"><div class=\"title\">Comentaris publicats: 2.025<\/div><div class=\"scale\"><div class=\"progress\" data-value=\"22\" style=\"background-color:#3185cb;\"><\/div><\/div><\/div>\n<div class=\"single_bar with_title\"><div class=\"title\">Regals: 90<\/div><div class=\"scale\"><div class=\"progress\" data-value=\"9\" style=\"background-color:#8ddd67;\"><\/div><\/div><\/div>\n<p>&nbsp;<\/p>\n<\/section><\/section><\/div><\/div>\n","protected":false},"excerpt":{"rendered":"","protected":false},"author":1,"featured_media":0,"parent":0,"menu_order":0,"comment_status":"closed","ping_status":"open","template":"","meta":[],"_links":{"self":[{"href":"http:\/\/www.diariwin.cat\/temporada4\/wp-json\/wp\/v2\/pages\/979"}],"collection":[{"href":"http:\/\/www.diariwin.cat\/temporada4\/wp-json\/wp\/v2\/pages"}],"about":[{"href":"http:\/\/www.diariwin.cat\/temporada4\/wp-json\/wp\/v2\/types\/page"}],"author":[{"embeddable":true,"href":"http:\/\/www.diariwin.cat\/temporada4\/wp-json\/wp\/v2\/users\/1"}],"replies":[{"embeddable":true,"href":"http:\/\/www.diariwin.cat\/temporada4\/wp-json\/wp\/v2\/comments?post=979"}],"version-history":[{"count":22,"href":"http:\/\/www.diariwin.cat\/temporada4\/wp-json\/wp\/v2\/pages\/979\/revisions"}],"predecessor-version":[{"id":27890,"href":"http:\/\/www.diariwin.cat\/temporada4\/wp-json\/wp\/v2\/pages\/979\/revisions\/27890"}],"wp:attachment":[{"href":"http:\/\/www.diariwin.cat\/temporada4\/wp-json\/wp\/v2\/media?parent=979"}],"curies":[{"name":"wp","href":"https:\/\/api.w.org\/{rel}","templated":true}]}}